{"id":764,"date":"2021-05-11T16:33:09","date_gmt":"2021-05-11T16:33:09","guid":{"rendered":"https:\/\/www.location-benne.eu\/fr\/?page_id=764"},"modified":"2021-06-18T06:53:11","modified_gmt":"2021-06-18T06:53:11","slug":"location-benne-72","status":"publish","type":"page","link":"https:\/\/www.location-benne.eu\/fr\/location-benne-72\/","title":{"rendered":"Location benne 72"},"content":{"rendered":"\n[et_pb_section fb_built=\u00a0\u00bb1&Prime; _builder_version=\u00a0\u00bb4.7.7&Prime; _module_preset=\u00a0\u00bbdefault\u00a0\u00bb background_image=\u00a0\u00bbhttps:\/\/www.location-benne.eu\/fr\/wp-content\/uploads\/2021\/06\/location-benne-left-png-7.png\u00a0\u00bb background_size=\u00a0\u00bbinitial\u00a0\u00bb background_position=\u00a0\u00bbtop_right\u00a0\u00bb min_height=\u00a0\u00bb593.2px\u00a0\u00bb custom_margin=\u00a0\u00bb-44px|||||\u00a0\u00bb custom_padding=\u00a0\u00bb4px||4px|||\u00a0\u00bb animation_style=\u00a0\u00bbbounce\u00a0\u00bb animation_direction=\u00a0\u00bbtop\u00a0\u00bb locked=\u00a0\u00bboff\u00a0\u00bb][et_pb_row _builder_version=\u00a0\u00bb4.7.7&Prime; _module_preset=\u00a0\u00bbdefault\u00a0\u00bb max_width=\u00a0\u00bb1000px\u00a0\u00bb custom_margin=\u00a0\u00bb|267px||auto||\u00a0\u00bb custom_padding=\u00a0\u00bb49px||21px|||\u00a0\u00bb][et_pb_column type=\u00a0\u00bb4_4&Prime; _builder_version=\u00a0\u00bb4.7.7&Prime; _module_preset=\u00a0\u00bbdefault\u00a0\u00bb][et_pb_text _builder_version=\u00a0\u00bb4.7.7&Prime; _module_preset=\u00a0\u00bbdefault\u00a0\u00bb header_font=\u00a0\u00bb|||on|||||\u00a0\u00bb header_text_align=\u00a0\u00bbcenter\u00a0\u00bb header_text_color=\u00a0\u00bb#E02B20&Prime; header_font_size=\u00a0\u00bb60px\u00a0\u00bb header_2_font=\u00a0\u00bb|||on|||||\u00a0\u00bb header_2_text_color=\u00a0\u00bb#E02B20&Prime; header_2_font_size=\u00a0\u00bb60px\u00a0\u00bb custom_margin=\u00a0\u00bb||0px|||\u00a0\u00bb animation_style=\u00a0\u00bbbounce\u00a0\u00bb animation_direction=\u00a0\u00bbtop\u00a0\u00bb animation_duration=\u00a0\u00bb1950ms\u00a0\u00bb animation_delay=\u00a0\u00bb1500ms\u00a0\u00bb header_text_shadow_style=\u00a0\u00bbpreset3&Prime;]<h2 style=\"text-align: center;\"><span class=\"ez-toc-section\" id=\"Besoin_de_louer_une_benne\"><\/span>Besoin de louer une benne ?<span class=\"ez-toc-section-end\"><\/span><\/h2>[\/et_pb_text][\/et_pb_column][\/et_pb_row][et_pb_row column_structure=\u00a0\u00bb2_5,3_5&Prime; _builder_version=\u00a0\u00bb4.7.7&Prime; _module_preset=\u00a0\u00bbdefault\u00a0\u00bb max_width=\u00a0\u00bb1200px\u00a0\u00bb custom_margin=\u00a0\u00bb7px|281px||auto||\u00a0\u00bb custom_padding=\u00a0\u00bb6px||9px|||\u00a0\u00bb locked=\u00a0\u00bboff\u00a0\u00bb][et_pb_column type=\u00a0\u00bb2_5&Prime; _builder_version=\u00a0\u00bb4.7.7&Prime; _module_preset=\u00a0\u00bbdefault\u00a0\u00bb][et_pb_text _builder_version=\u00a0\u00bb4.7.7&Prime; _module_preset=\u00a0\u00bbdefault\u00a0\u00bb header_2_font=\u00a0\u00bb||||||||\u00a0\u00bb header_3_text_align=\u00a0\u00bbcenter\u00a0\u00bb header_3_text_color=\u00a0\u00bb#E02B20&Prime; background_color=\u00a0\u00bb#FFFFFF\u00a0\u00bb min_height=\u00a0\u00bb306px\u00a0\u00bb custom_margin=\u00a0\u00bb40px|10px|21px|||\u00a0\u00bb custom_padding=\u00a0\u00bb39px|20px|63px|25px||\u00a0\u00bb animation_style=\u00a0\u00bbbounce\u00a0\u00bb animation_direction=\u00a0\u00bbbottom\u00a0\u00bb animation_duration=\u00a0\u00bb1500ms\u00a0\u00bb animation_delay=\u00a0\u00bb1450ms\u00a0\u00bb header_2_text_shadow_style=\u00a0\u00bbpreset3&Prime; header_3_text_shadow_style=\u00a0\u00bbpreset3&Prime; border_radii=\u00a0\u00bbon|10px|10px|10px|10px\u00a0\u00bb box_shadow_style=\u00a0\u00bbpreset1&Prime;]<h2 style=\"text-align: center;\"><span class=\"ez-toc-section\" id=\"Emplacement_disponible\"><\/span>Emplacement disponible !<span class=\"ez-toc-section-end\"><\/span><\/h2>\n<p>&nbsp;<\/p>\n<h4 style=\"text-align: center;\"><span class=\"ez-toc-section\" id=\"Vous_faites_de_la_location_de_benne\"><\/span>Vous faites de la location de benne ?<span class=\"ez-toc-section-end\"><\/span><\/h4>\n<p>&nbsp;<\/p>\n<h3 style=\"text-align: center;\"><span class=\"ez-toc-section\" id=\"Pre-inscription_de_votre_entreprise\"><\/span>Pr\u00e9-inscription de votre entreprise !<span class=\"ez-toc-section-end\"><\/span><\/h3>\n<h4><\/h4>[\/et_pb_text][et_pb_button button_url=\u00a0\u00bbhttps:\/\/www.location-benne.eu\/fr\/nous-rejoindre\/\u00a0\u00bb button_text=\u00a0\u00bbCliquez ici !\u00a0\u00bb button_alignment=\u00a0\u00bbcenter\u00a0\u00bb _builder_version=\u00a0\u00bb4.7.7&Prime; _module_preset=\u00a0\u00bbdefault\u00a0\u00bb custom_button=\u00a0\u00bbon\u00a0\u00bb button_text_color=\u00a0\u00bb#FFFFFF\u00a0\u00bb button_bg_color=\u00a0\u00bb#7CDA24&Prime; button_border_width=\u00a0\u00bb0px\u00a0\u00bb button_icon_color=\u00a0\u00bb#FFFFFF\u00a0\u00bb custom_margin=\u00a0\u00bb-108px|1px|9px|||\u00a0\u00bb animation_style=\u00a0\u00bbbounce\u00a0\u00bb animation_direction=\u00a0\u00bbbottom\u00a0\u00bb animation_duration=\u00a0\u00bb1550ms\u00a0\u00bb animation_delay=\u00a0\u00bb1650ms\u00a0\u00bb][\/et_pb_button][\/et_pb_column][et_pb_column type=\u00a0\u00bb3_5&Prime; _builder_version=\u00a0\u00bb4.7.7&Prime; _module_preset=\u00a0\u00bbdefault\u00a0\u00bb][et_pb_code _builder_version=\u00a0\u00bb4.7.7&Prime; _module_preset=\u00a0\u00bbdefault\u00a0\u00bb custom_padding=\u00a0\u00bb0px|||||\u00a0\u00bb animation_style=\u00a0\u00bbbounce\u00a0\u00bb animation_duration=\u00a0\u00bb2000ms\u00a0\u00bb animation_delay=\u00a0\u00bb1100ms\u00a0\u00bb]<iframe loading=\"lazy\" title=\"location benne vid\u00e9o\" src=\"https:\/\/www.location-benne.eu\/files\/animcamion\/index.html\" width=\"700\" height=\"400\" scrolling=\"no\" frameborder=\"0\" allowtransparency=\"true\" allow=\"autoplay\" allowfullscreen=\"true\"><\/iframe>[\/et_pb_code][\/et_pb_column][\/et_pb_row][et_pb_row _builder_version=\u00a0\u00bb4.7.7&Prime; _module_preset=\u00a0\u00bbdefault\u00a0\u00bb custom_padding=\u00a0\u00bb6px||6px|||\u00a0\u00bb][et_pb_column type=\u00a0\u00bb4_4&Prime; _builder_version=\u00a0\u00bb4.7.7&Prime; _module_preset=\u00a0\u00bbdefault\u00a0\u00bb][et_pb_button button_url=\u00a0\u00bbhttps:\/\/www.location-benne.eu\/fr\/devis-en-ligne\/\u00a0\u00bb button_text=\u00a0\u00bbMon devis location benne en 3 clics !\u00a0\u00bb button_alignment=\u00a0\u00bbcenter\u00a0\u00bb _builder_version=\u00a0\u00bb4.7.7&Prime; _module_preset=\u00a0\u00bbdefault\u00a0\u00bb custom_button=\u00a0\u00bbon\u00a0\u00bb button_text_color=\u00a0\u00bb#FFFFFF\u00a0\u00bb button_bg_color=\u00a0\u00bb#7CDA24&Prime; button_border_width=\u00a0\u00bb0px\u00a0\u00bb button_font=\u00a0\u00bb||||||||\u00a0\u00bb button_icon_color=\u00a0\u00bb#FFFFFF\u00a0\u00bb custom_margin=\u00a0\u00bb||3px|||\u00a0\u00bb animation_style=\u00a0\u00bbbounce\u00a0\u00bb animation_direction=\u00a0\u00bbbottom\u00a0\u00bb animation_duration=\u00a0\u00bb1850ms\u00a0\u00bb animation_delay=\u00a0\u00bb2400ms\u00a0\u00bb][\/et_pb_button][\/et_pb_column][\/et_pb_row][et_pb_row column_structure=\u00a0\u00bb1_4,1_4,1_4,1_4&Prime; _builder_version=\u00a0\u00bb4.7.7&Prime; _module_preset=\u00a0\u00bbdefault\u00a0\u00bb width=\u00a0\u00bb50%\u00a0\u00bb][et_pb_column type=\u00a0\u00bb1_4&Prime; _builder_version=\u00a0\u00bb4.7.7&Prime; _module_preset=\u00a0\u00bbdefault\u00a0\u00bb][et_pb_image src=\u00a0\u00bbhttps:\/\/www.location-benne.eu\/fr\/wp-content\/uploads\/2021\/05\/location-benne-8m3.jpg\u00a0\u00bb alt=\u00a0\u00bblocation benne\u00a0\u00bb title_text=\u00a0\u00bblocation-benne-8m3&Prime; _builder_version=\u00a0\u00bb4.7.7&Prime; _module_preset=\u00a0\u00bbdefault\u00a0\u00bb background_enable_color=\u00a0\u00bboff\u00a0\u00bb border_width_left=\u00a0\u00bb10px\u00a0\u00bb][\/et_pb_image][\/et_pb_column][et_pb_column type=\u00a0\u00bb1_4&Prime; _builder_version=\u00a0\u00bb4.7.7&Prime; _module_preset=\u00a0\u00bbdefault\u00a0\u00bb][et_pb_image src=\u00a0\u00bbhttps:\/\/www.location-benne.eu\/fr\/wp-content\/uploads\/2021\/05\/location-benne-12m3.jpg\u00a0\u00bb alt=\u00a0\u00bblocation benne\u00a0\u00bb title_text=\u00a0\u00bblocation-benne-12m3&Prime; _builder_version=\u00a0\u00bb4.7.7&Prime; _module_preset=\u00a0\u00bbdefault\u00a0\u00bb border_width_left=\u00a0\u00bb10px\u00a0\u00bb][\/et_pb_image][\/et_pb_column][et_pb_column type=\u00a0\u00bb1_4&Prime; _builder_version=\u00a0\u00bb4.7.7&Prime; _module_preset=\u00a0\u00bbdefault\u00a0\u00bb][et_pb_image src=\u00a0\u00bbhttps:\/\/www.location-benne.eu\/fr\/wp-content\/uploads\/2021\/05\/location-benne-20m3.jpg\u00a0\u00bb alt=\u00a0\u00bblocation benne\u00a0\u00bb title_text=\u00a0\u00bblocation-benne-20m3&Prime; _builder_version=\u00a0\u00bb4.7.7&Prime; _module_preset=\u00a0\u00bbdefault\u00a0\u00bb border_width_left=\u00a0\u00bb10px\u00a0\u00bb][\/et_pb_image][\/et_pb_column][et_pb_column type=\u00a0\u00bb1_4&Prime; _builder_version=\u00a0\u00bb4.7.7&Prime; _module_preset=\u00a0\u00bbdefault\u00a0\u00bb][et_pb_image src=\u00a0\u00bbhttps:\/\/www.location-benne.eu\/fr\/wp-content\/uploads\/2021\/05\/location-benne-30m3.jpg\u00a0\u00bb alt=\u00a0\u00bblocation benne\u00a0\u00bb title_text=\u00a0\u00bblocation-benne-30m3&Prime; _builder_version=\u00a0\u00bb4.7.7&Prime; _module_preset=\u00a0\u00bbdefault\u00a0\u00bb border_width_left=\u00a0\u00bb10px\u00a0\u00bb][\/et_pb_image][\/et_pb_column][\/et_pb_row][et_pb_row _builder_version=\u00a0\u00bb4.7.7&Prime; _module_preset=\u00a0\u00bbdefault\u00a0\u00bb custom_padding=\u00a0\u00bb44px|||||\u00a0\u00bb][et_pb_column type=\u00a0\u00bb4_4&Prime; _builder_version=\u00a0\u00bb4.7.7&Prime; _module_preset=\u00a0\u00bbdefault\u00a0\u00bb][et_pb_text _builder_version=\u00a0\u00bb4.7.7&Prime; _module_preset=\u00a0\u00bbdefault\u00a0\u00bb header_font=\u00a0\u00bb|||on|||||\u00a0\u00bb header_text_align=\u00a0\u00bbcenter\u00a0\u00bb header_text_shadow_style=\u00a0\u00bbpreset3&Prime;]<h2 style=\"text-align: center;\"><span class=\"ez-toc-section\" id=\"LES_DIMENSIONS_DE_NOS_BENNES_EN_LOCATION\"><\/span>LES DIMENSIONS DE NOS BENNES EN LOCATION<span class=\"ez-toc-section-end\"><\/span><\/h2>[\/et_pb_text][et_pb_text _builder_version=\u00a0\u00bb4.7.7&Prime; _module_preset=\u00a0\u00bbdefault\u00a0\u00bb header_font=\u00a0\u00bb|||on|||||\u00a0\u00bb header_text_align=\u00a0\u00bbcenter\u00a0\u00bb header_text_shadow_style=\u00a0\u00bbpreset3&Prime;]<h2 style=\"text-align: center;\"><span class=\"ez-toc-section\" id=\"Votre_loueur_de_benne_a_gravats_encombrants_dechets_de_8_a_30m3\"><\/span>Votre loueur de benne \u00e0 gravats, encombrants, d\u00e9chets, de 8 \u00e0 30m3.<span class=\"ez-toc-section-end\"><\/span><\/h2>[\/et_pb_text][\/et_pb_column][\/et_pb_row][et_pb_row _builder_version=\u00a0\u00bb4.7.7&Prime; _module_preset=\u00a0\u00bbdefault\u00a0\u00bb custom_padding=\u00a0\u00bb||13px|||\u00a0\u00bb][et_pb_column type=\u00a0\u00bb4_4&Prime; _builder_version=\u00a0\u00bb4.7.7&Prime; _module_preset=\u00a0\u00bbdefault\u00a0\u00bb][et_pb_text _builder_version=\u00a0\u00bb4.7.7&Prime; _module_preset=\u00a0\u00bbdefault\u00a0\u00bb header_2_text_align=\u00a0\u00bbcenter\u00a0\u00bb header_2_text_color=\u00a0\u00bb#E02B20&Prime; header_2_text_shadow_style=\u00a0\u00bbpreset3&Prime;]<h2 style=\"text-align: center;\"><span class=\"ez-toc-section\" id=\"La_location_de_benne_comment_ca_marche\"><\/span>La location de benne, comment \u00e7a marche ?<span class=\"ez-toc-section-end\"><\/span><\/h2>[\/et_pb_text][et_pb_text _builder_version=\u00a0\u00bb4.7.7&Prime; _module_preset=\u00a0\u00bbdefault\u00a0\u00bb hover_enabled=\u00a0\u00bb0&Prime; sticky_enabled=\u00a0\u00bb0&Prime;]<p style=\"text-align: center;\"><span>Location benne 72 &#8211; Vous vous retrouvez subitement envahi par un monticule de gravats apr\u00e8s avoir d\u00e9moli votre ancienne cuisine ou votre salle de bain d\u00e9mod\u00e9e ?<\/span><\/p>\n[\/et_pb_text][et_pb_text _builder_version=\u00a0\u00bb4.7.7&Prime; _module_preset=\u00a0\u00bbdefault\u00a0\u00bb]<p style=\"text-align: center;\"><span>Vous voulez nettoyer votre terrain apr\u00e8s vos travaux de construction ou simplement histoire de faire le grand vide et avant de semer votre pelouse ?<\/span><\/p>[\/et_pb_text][et_pb_text _builder_version=\u00a0\u00bb4.7.7&Prime; _module_preset=\u00a0\u00bbdefault\u00a0\u00bb]<p style=\"text-align: center;\"><span>Vous avez d\u00e9cid\u00e9 de d\u00e9fricher votre jardin et vous ne savez pas quoi faire de toutes les branches, tailles de haies, tontes et autres feuilles accumul\u00e9es ?<\/span><\/p>[\/et_pb_text][et_pb_text _builder_version=\u00a0\u00bb4.7.7&Prime; _module_preset=\u00a0\u00bbdefault\u00a0\u00bb]<p style=\"text-align: center;\"><span>Vous devez vider enti\u00e8rement une maison dont vous venez d&rsquo;h\u00e9riter pour pouvoir la mettre en vente ?<\/span><\/p>[\/et_pb_text][et_pb_text _builder_version=\u00a0\u00bb4.7.7&Prime; _module_preset=\u00a0\u00bbdefault\u00a0\u00bb]<p style=\"text-align: center;\"><span>Avez-vous pens\u00e9 \u00e0 la solution efficace, simple et rapide de la location de benne ? Il s&rsquo;agit d&rsquo;une solution dont le rapport qualit\u00e9 prix est plus qu&rsquo;avantageux.<\/span><\/p>[\/et_pb_text][et_pb_text _builder_version=\u00a0\u00bb4.7.7&Prime; _module_preset=\u00a0\u00bbdefault\u00a0\u00bb]<p style=\"text-align: center;\"><span>Certes, c&rsquo;est plus souvent aux abords des grands chantiers de construction que l&rsquo;on a l&rsquo;habitude de trouver des bennes \u00e0 gravats, des bennes \u00e0 b\u00e9ton, des bennes \u00e0 ferrailles etc. Mais il est aussi possible \u00e0 tout un chacun de louer une benne \u00e0 d\u00e9chets, et \u00e7a cela para\u00eet moins \u00e9vident ! La location de benne \u00e0 d\u00e9chets c&rsquo;est aussi pour les particuliers.<\/span><\/p>[\/et_pb_text][et_pb_text _builder_version=\u00a0\u00bb4.7.7&Prime; _module_preset=\u00a0\u00bbdefault\u00a0\u00bb header_2_text_color=\u00a0\u00bb#E02B20&Prime; header_2_text_shadow_style=\u00a0\u00bbpreset3&Prime;]<h2 style=\"text-align: center;\"><span class=\"ez-toc-section\" id=\"La_location_de_benne_en_quelques_clics\"><\/span>La location de benne en quelques clics<span class=\"ez-toc-section-end\"><\/span><\/h2>[\/et_pb_text][et_pb_text _builder_version=\u00a0\u00bb4.7.7&Prime; _module_preset=\u00a0\u00bbdefault\u00a0\u00bb]<p style=\"text-align: justify;\">Rien de plus simple aujourd&rsquo;hui avec<span>\u00a0<\/span><a href=\"http:\/\/location-benne.eu\/\" target=\"_blank\" data-saferedirecturl=\"https:\/\/www.google.com\/url?q=http:\/\/location-benne.eu&amp;source=gmail&amp;ust=1620699593352000&amp;usg=AFQjCNF-Y7Ggr2xR_oxGC_esoTR7SdgKqQ\" rel=\"noopener\">location-benne.eu<\/a><span>\u00a0<\/span>que de faire livrer chez vous ou sur votre chantier une benne. A peine 24 \u00e0 48 heures seront n\u00e9cessaires \u00e0 sa d\u00e9pose.<\/p>\n<p style=\"text-align: justify;\">Pr\u00e9cisez-nous directement en ligne votre projet, la nature des d\u00e9chets dont vous allez remplir la benne, le volume dont vous pensez avoir besoin, la dur\u00e9e estim\u00e9e de la location et vous obtiendrez un devis estimatif au prix le plus juste en moins de 24 heures.<\/p>\n<p style=\"text-align: justify;\">Rendez-vous pris, la benne sera livr\u00e9e \u00e0 l&#8217;emplacement de votre choix et pour la dur\u00e9e impartie.<\/p>[\/et_pb_text][et_pb_text _builder_version=\u00a0\u00bb4.7.7&Prime; _module_preset=\u00a0\u00bbdefault\u00a0\u00bb]<p style=\"text-align: justify;\">Un service fiable et efficace \u00e0 un rapport qualit\u00e9 prix imbattable pour vous enlever un sacr\u00e9 poids de vos \u00e9paules !<\/p>\n<p style=\"text-align: justify;\">Particuliers ou professionnels, le temps, c&rsquo;est de l&rsquo;argent et la pr\u00e9servation de la nature n&rsquo;a pas de prix&#8230; \u00e0 bons entendeurs&#8230;<\/p>[\/et_pb_text][\/et_pb_column][\/et_pb_row][et_pb_row _builder_version=\u00a0\u00bb4.7.7&Prime; _module_preset=\u00a0\u00bbdefault\u00a0\u00bb custom_margin=\u00a0\u00bb7px|auto||auto||\u00a0\u00bb custom_padding=\u00a0\u00bb32px||39px|||\u00a0\u00bb][et_pb_column type=\u00a0\u00bb4_4&Prime; _builder_version=\u00a0\u00bb4.7.7&Prime; _module_preset=\u00a0\u00bbdefault\u00a0\u00bb][et_pb_text _builder_version=\u00a0\u00bb4.7.7&Prime; _module_preset=\u00a0\u00bbdefault\u00a0\u00bb hover_enabled=\u00a0\u00bb0&Prime; sticky_enabled=\u00a0\u00bb0&Prime;]<h2><img loading=\"lazy\" decoding=\"async\" src=\"https:\/\/www.location-benne.eu\/fr\/wp-content\/uploads\/2021\/06\/favicon.png\" width=\"32\" height=\"32\" alt=\"location benne 72\" class=\"wp-image-1009 alignnone size-full\" \/><\/h2>\n<h1><span class=\"ez-toc-section\" id=\"1_La_location_benne_72_a_gravats\"><\/span>1) La location benne <span>72 <\/span>\u00e0 gravats<span class=\"ez-toc-section-end\"><\/span><\/h1>\n<p>Location benne <span>72 <\/span><span>\u00a0<\/span>&#8211; La benne \u00e0 gravats s&rsquo;adresse \u00e0 tous ceux qui font des travaux pour pouvoir \u00e9vacuer et faire recycler correctement tous les restes de la construction ou de la d\u00e9molition : briques, morceaux de b\u00e9ton mais aussi<span>\u00a0<\/span><span color=\"#000000\" style=\"color: #000000;\"><span>terres cuites, tuiles, carrelage, b\u00e9ton, pierres, parpaings\u2026<\/span><\/span><span>\u00a0<\/span>Si vous avez plus de 2 m3 de <a href=\"https:\/\/www.location-benne.eu\/fr\/location-benne-gravats\/\">gravats<\/a> \u00e0 mener en <a href=\"https:\/\/www.data.gouv.fr\/fr\/datasets\/centres-de-recyclage-des-dechets\/\" target=\"_blank\" rel=\"noopener\">centre de recyclage<\/a>, optez pour la benne sp\u00e9cialement d\u00e9di\u00e9e au risque de vous y voir refuser l&rsquo;entr\u00e9e en tant que particulier.<\/p>\n<p>A noter : les gravats p\u00e8sent vite tr\u00e8s lourd et sont difficilement manipulables manuellement une fois entass\u00e9s, \u00e0 ne pas oublier si vous envisagez de les \u00e9vacuer par vos propres moyens.\u00a0Location benne <span>72 <\/span><\/p>\n<p>&nbsp;<\/p>\n<h2><img loading=\"lazy\" decoding=\"async\" src=\"https:\/\/www.location-benne.eu\/fr\/wp-content\/uploads\/2021\/06\/favicon.png\" width=\"32\" height=\"32\" alt=\"location benne 72\" class=\"wp-image-1009 alignnone size-full\" \/><\/h2>\n<h2><span class=\"ez-toc-section\" id=\"2_La_location_benne_72_encombrant\"><\/span>2) La location benne <span>72 <\/span>encombrant<span class=\"ez-toc-section-end\"><\/span><\/h2>\n<p>Location benne <span>72 <\/span>&#8211; Id\u00e9ale pour vous permettre d&rsquo;\u00e9vacuer tous vos encombrants lors d&rsquo;un <a href=\"https:\/\/www.lescompagnonsdebarrasseurs.com\/debarras-cave-maison-appartement-prix.html\" target=\"_blank\" rel=\"noopener\">d\u00e9barras maison<\/a> ou d&rsquo;un d\u00e9barras entrep\u00f4t par exemple, la benne <a href=\"https:\/\/www.location-benne.eu\/fr\/location-benne-encombrants\/\">encombrant<\/a> est tout autant destin\u00e9e \u00e0 un usage par les professionnels que par les particuliers.<\/p>\n<p>Les encombrants qui y sont admis sont : le mobilier (bureau, buffet, biblioth\u00e8que, petits meubles, \u00e9tag\u00e8res, commodes, tables, chaises, canap\u00e9, fauteuils, meubles de cuisine et de salle de bain, meubles en bois, le mobilier de jardin en plastique te en bois), la literie (lit, sommier et matelas), les objets (bicyclettes, v\u00e9los, jouets, poussettes, articles de d\u00e9coration, luminaires&#8230;) et les textiles (moquette, tapis, v\u00eatements, linge&#8230;).Location benne <span>72 <\/span><\/p>\n<p>&nbsp;<\/p>\n<h2><img loading=\"lazy\" decoding=\"async\" src=\"https:\/\/www.location-benne.eu\/fr\/wp-content\/uploads\/2021\/06\/favicon.png\" width=\"32\" height=\"32\" alt=\"location benne 72\" class=\"wp-image-1009 alignnone size-full\" \/><\/h2>\n<h2><span class=\"ez-toc-section\" id=\"3_La_location_benne_72_a_dechets\"><\/span>3) La location benne <span>72 <\/span>\u00e0 d\u00e9chets<span class=\"ez-toc-section-end\"><\/span><\/h2>\n<p>Location benne <span>72 <\/span>&#8211; V\u00e9ritable benne \u00e0 d\u00e9bris pour le tri des d\u00e9chets, rebus et diff\u00e9rents mat\u00e9riaux, la benne \u00e0 d\u00e9chets se d\u00e9cline dans toutes les tailles.<\/p>\n<p>Initialement \u00e0 vocation industrielle, la benne \u00e0 d\u00e9chets peut \u00e9galement \u00eatre fort utile \u00e0 l&rsquo;\u00e9chelle des particuliers. Il arrive en effet parfois au moment de vider une maison et ses ext\u00e9rieurs de trouver des monceaux de ferraille par exemple. Chez les professionnels, elle sera aussi indispensable pour le tri des d\u00e9chets en fonction de leur nature (les cartons, le papier, la sciure de bois, les d\u00e9chets plastiques etc.).<\/p>\n<p>Il s&rsquo;agit sans conteste du moyen le plus efficace de se d\u00e9barrasser des d\u00e9chets de la mani\u00e8re la plus \u00e9cologique qu&rsquo;il soit. Location benne <span>72 <\/span><\/p>\n<p>&nbsp;<\/p>\n<h2><img loading=\"lazy\" decoding=\"async\" src=\"https:\/\/www.location-benne.eu\/fr\/wp-content\/uploads\/2021\/06\/favicon.png\" width=\"32\" height=\"32\" alt=\"location benne 72\" class=\"wp-image-1009 alignnone size-full\" \/><\/h2>\n<h2><span class=\"ez-toc-section\" id=\"4_La_location_benne_72_de_chantier\"><\/span>4) La location benne <span>72 <\/span>de chantier<span class=\"ez-toc-section-end\"><\/span><\/h2>\n<p>Location benne <span>72 <\/span>&#8211; La benne de chantier est faite pour les d\u00e9chets de chantier en m\u00e9lange, elle s&rsquo;adresse donc plus particuli\u00e8rement aux acteurs du b\u00e2timent et des travaux publics.<\/p>\n<p>La benne de chantier peut recevoir : fen\u00eatres et portes en aluminium, en PVC et en m\u00e9tal mais aussi en bois verni, e verre de fen\u00eatres ou de portes, les <a href=\"https:\/\/www.decapfonte.com\/achat-radiateur\/\" target=\"_blank\" rel=\"noopener\">radiateurs<\/a> purg\u00e9s (souvent en fonte), tous les conduits de chemin\u00e9e hormis l&rsquo;inox, la tuyauterie en PVC\/m\u00e9tal\/cuivre, des poteaux en b\u00e9ton arm\u00e9, du grillage souple en plastique&#8230; A cela s&rsquo;ajoutent les r\u00e9sidus de sols et de plafonds (parquet flottant, faux plafond&#8230;), le pl\u00e2tre et ses d\u00e9riv\u00e9s, et les mat\u00e9riaux d&rsquo;isolation \u00e0 base de fibre de verre tels que la laine de verre ou le polystyr\u00e8ne. Location benne <span>72 <\/span><\/p>\n<p>&nbsp;<\/p>\n<h2><img loading=\"lazy\" decoding=\"async\" src=\"https:\/\/www.location-benne.eu\/fr\/wp-content\/uploads\/2021\/06\/favicon.png\" width=\"32\" height=\"32\" alt=\"location benne 72\" class=\"wp-image-1009 alignnone size-full\" \/><\/h2>\n<h2><span class=\"ez-toc-section\" id=\"5_La_location_benne_72_tout_venant\"><\/span>5) La location benne <span>72 <\/span>tout venant<span class=\"ez-toc-section-end\"><\/span><\/h2>\n<p>Location benne <span>72 <\/span>&#8211; Ce qui est qualifi\u00e9 de \u00ab\u00a0<a href=\"https:\/\/www.location-benne.eu\/fr\/location-benne-tout-venant\/\">tout venant<\/a>\u00a0\u00bb est en r\u00e9alit\u00e9 constitu\u00e9 des d\u00e9chets qui ne poss\u00e8dent pas de fili\u00e8re de recyclage ou de traitement sp\u00e9cifique. Les d\u00e9chets accept\u00e9s dans une benne tout venant sont : les matelas, le mobilier en plastique, le mobilier (hors bois), la literie, certaines plaques isolantes, la moquette, le verre (en provenance des fen\u00eatres et des vitres), le plastique, le polystyr\u00e8ne, les tissus, le caoutchouc, les cartons souill\u00e9s&#8230;.<\/p>\n<p>Les d\u00e9chets de la <a href=\"https:\/\/www.location-benne.eu\/fr\/location-benne\/\">benne<\/a> tout venant sont incin\u00e9r\u00e9s avec valorisation \u00e9nerg\u00e9tique, c&rsquo;est la raison pour laquelle il ne faut pas que les objets d\u00e9passent la taille de 1 m\u00e8tre \u00e0 cause des contraintes techniques de l&rsquo;incin\u00e9ration. Location benne <span>72 <\/span><\/p>\n<p>&nbsp;<\/p>\n<h2><img loading=\"lazy\" decoding=\"async\" src=\"https:\/\/www.location-benne.eu\/fr\/wp-content\/uploads\/2021\/06\/favicon.png\" width=\"32\" height=\"32\" alt=\"location benne 72\" class=\"wp-image-1009 alignnone size-full\" \/><\/h2>\n<h2><span class=\"ez-toc-section\" id=\"6_La_location_benne_72_terre\"><\/span>6) La location benne <span>72 <\/span>terre<span class=\"ez-toc-section-end\"><\/span><\/h2>\n<p>Location benne <span>72 <\/span>&#8211; A l&rsquo;occasion d&rsquo;un chantier de construction de maison ou encore de piscine, la terre issue des fondations et du terrassement constitue vite une montagne dont on sait plus que faire&#8230;<\/p>\n<p>Mettre la terre directement et au fur et \u00e0 mesure dans une benne terre pour qu&rsquo;elle puisse \u00eatre retir\u00e9e des lieux proprement reste la solution id\u00e9ale rapide et efficace.<\/p>\n<p>Sp\u00e9cialement con\u00e7ues pour le chargement et le d\u00e9chargement de la terre, les bennes terre sont g\u00e9n\u00e9ralement pourvues d&rsquo;un crochet destin\u00e9 au v\u00e9hicule qui viendra retirer la benne en la soulevant.<\/p>\n<p>Terre v\u00e9g\u00e9tale, remblai ou terre sablonneuse ou argileuse en fonction du terrain, cette derni\u00e8re fera l&rsquo;objet de recyclage puis de <a href=\"https:\/\/www.reemplois.fr\/\" target=\"_blank\" rel=\"noopener\">r\u00e9emploi<\/a> pour niveler des terrains par exemple ou servir aux travaux publics. Location benne <span>72 <\/span><\/p>\n[\/et_pb_text][\/et_pb_column][\/et_pb_row][et_pb_row _builder_version=\u00a0\u00bb4.7.7&Prime; _module_preset=\u00a0\u00bbdefault\u00a0\u00bb custom_padding=\u00a0\u00bb||8px|||\u00a0\u00bb][et_pb_column type=\u00a0\u00bb4_4&Prime; _builder_version=\u00a0\u00bb4.7.7&Prime; _module_preset=\u00a0\u00bbdefault\u00a0\u00bb][et_pb_divider _builder_version=\u00a0\u00bb4.7.7&Prime; _module_preset=\u00a0\u00bbdefault\u00a0\u00bb][\/et_pb_divider][\/et_pb_column][\/et_pb_row][\/et_pb_section]\n<div id=\"ez-toc-container\" class=\"ez-toc-v2_0_62 counter-hierarchy ez-toc-counter ez-toc-grey ez-toc-container-direction\">\n<label for=\"ez-toc-cssicon-toggle-item-69f33da890466\" class=\"ez-toc-cssicon-toggle-label\"><span class=\"\"><span class=\"eztoc-hide\" style=\"display:none;\">Toggle<\/span><span class=\"ez-toc-icon-toggle-span\"><svg style=\"fill: #999;color:#999\" xmlns=\"http:\/\/www.w3.org\/2000\/svg\" class=\"list-377408\" width=\"20px\" height=\"20px\" viewBox=\"0 0 24 24\" fill=\"none\"><path d=\"M6 6H4v2h2V6zm14 0H8v2h12V6zM4 11h2v2H4v-2zm16 0H8v2h12v-2zM4 16h2v2H4v-2zm16 0H8v2h12v-2z\" fill=\"currentColor\"><\/path><\/svg><svg style=\"fill: #999;color:#999\" class=\"arrow-unsorted-368013\" xmlns=\"http:\/\/www.w3.org\/2000\/svg\" width=\"10px\" height=\"10px\" viewBox=\"0 0 24 24\" version=\"1.2\" baseProfile=\"tiny\"><path d=\"M18.2 9.3l-6.2-6.3-6.2 6.3c-.2.2-.3.4-.3.7s.1.5.3.7c.2.2.4.3.7.3h11c.3 0 .5-.1.7-.3.2-.2.3-.5.3-.7s-.1-.5-.3-.7zM5.8 14.7l6.2 6.3 6.2-6.3c.2-.2.3-.5.3-.7s-.1-.5-.3-.7c-.2-.2-.4-.3-.7-.3h-11c-.3 0-.5.1-.7.3-.2.2-.3.5-.3.7s.1.5.3.7z\"\/><\/svg><\/span><\/span><\/label><input type=\"checkbox\"  id=\"ez-toc-cssicon-toggle-item-69f33da890466\" checked aria-label=\"Toggle\" \/><nav><ul class='ez-toc-list ez-toc-list-level-1 ' ><ul class='ez-toc-list-level-2' ><li class='ez-toc-heading-level-2'><a class=\"ez-toc-link ez-toc-heading-1\" href=\"https:\/\/www.location-benne.eu\/fr\/location-benne-72\/#Besoin_de_louer_une_benne\" title=\"Besoin de louer une benne ?\">Besoin de louer une benne ?<\/a><\/li><li class='ez-toc-page-1 ez-toc-heading-level-2'><a class=\"ez-toc-link ez-toc-heading-2\" href=\"https:\/\/www.location-benne.eu\/fr\/location-benne-72\/#Emplacement_disponible\" title=\"Emplacement disponible !\">Emplacement disponible !<\/a><ul class='ez-toc-list-level-4' ><li class='ez-toc-heading-level-4'><ul class='ez-toc-list-level-4' ><li class='ez-toc-heading-level-4'><a class=\"ez-toc-link ez-toc-heading-3\" href=\"https:\/\/www.location-benne.eu\/fr\/location-benne-72\/#Vous_faites_de_la_location_de_benne\" title=\"Vous faites de la location de benne ?\">Vous faites de la location de benne ?<\/a><\/li><\/ul><\/li><li class='ez-toc-page-1 ez-toc-heading-level-3'><a class=\"ez-toc-link ez-toc-heading-4\" href=\"https:\/\/www.location-benne.eu\/fr\/location-benne-72\/#Pre-inscription_de_votre_entreprise\" title=\"Pr\u00e9-inscription de votre entreprise !\">Pr\u00e9-inscription de votre entreprise !<\/a><\/li><\/ul><\/li><li class='ez-toc-page-1 ez-toc-heading-level-2'><a class=\"ez-toc-link ez-toc-heading-5\" href=\"https:\/\/www.location-benne.eu\/fr\/location-benne-72\/#LES_DIMENSIONS_DE_NOS_BENNES_EN_LOCATION\" title=\"LES DIMENSIONS DE NOS BENNES EN LOCATION\">LES DIMENSIONS DE NOS BENNES EN LOCATION<\/a><\/li><li class='ez-toc-page-1 ez-toc-heading-level-2'><a class=\"ez-toc-link ez-toc-heading-6\" href=\"https:\/\/www.location-benne.eu\/fr\/location-benne-72\/#Votre_loueur_de_benne_a_gravats_encombrants_dechets_de_8_a_30m3\" title=\"Votre loueur de benne \u00e0 gravats, encombrants, d\u00e9chets, de 8 \u00e0 30m3.\">Votre loueur de benne \u00e0 gravats, encombrants, d\u00e9chets, de 8 \u00e0 30m3.<\/a><\/li><li class='ez-toc-page-1 ez-toc-heading-level-2'><a class=\"ez-toc-link ez-toc-heading-7\" href=\"https:\/\/www.location-benne.eu\/fr\/location-benne-72\/#La_location_de_benne_comment_ca_marche\" title=\"La location de benne, comment \u00e7a marche ?\">La location de benne, comment \u00e7a marche ?<\/a><\/li><li class='ez-toc-page-1 ez-toc-heading-level-2'><a class=\"ez-toc-link ez-toc-heading-8\" href=\"https:\/\/www.location-benne.eu\/fr\/location-benne-72\/#La_location_de_benne_en_quelques_clics\" title=\"La location de benne en quelques clics\">La location de benne en quelques clics<\/a><\/li><\/ul><\/li><li class='ez-toc-page-1 ez-toc-heading-level-1'><a class=\"ez-toc-link ez-toc-heading-9\" href=\"https:\/\/www.location-benne.eu\/fr\/location-benne-72\/#1_La_location_benne_72_a_gravats\" title=\"1) La location benne 72 \u00e0 gravats\">1) La location benne 72 \u00e0 gravats<\/a><ul class='ez-toc-list-level-2' ><li class='ez-toc-heading-level-2'><a class=\"ez-toc-link ez-toc-heading-10\" href=\"https:\/\/www.location-benne.eu\/fr\/location-benne-72\/#2_La_location_benne_72_encombrant\" title=\"2) La location benne 72 encombrant\">2) La location benne 72 encombrant<\/a><\/li><li class='ez-toc-page-1 ez-toc-heading-level-2'><a class=\"ez-toc-link ez-toc-heading-11\" href=\"https:\/\/www.location-benne.eu\/fr\/location-benne-72\/#3_La_location_benne_72_a_dechets\" title=\"3) La location benne 72 \u00e0 d\u00e9chets\">3) La location benne 72 \u00e0 d\u00e9chets<\/a><\/li><li class='ez-toc-page-1 ez-toc-heading-level-2'><a class=\"ez-toc-link ez-toc-heading-12\" href=\"https:\/\/www.location-benne.eu\/fr\/location-benne-72\/#4_La_location_benne_72_de_chantier\" title=\"4) La location benne 72 de chantier\">4) La location benne 72 de chantier<\/a><\/li><li class='ez-toc-page-1 ez-toc-heading-level-2'><a class=\"ez-toc-link ez-toc-heading-13\" href=\"https:\/\/www.location-benne.eu\/fr\/location-benne-72\/#5_La_location_benne_72_tout_venant\" title=\"5) La location benne 72 tout venant\">5) La location benne 72 tout venant<\/a><\/li><li class='ez-toc-page-1 ez-toc-heading-level-2'><a class=\"ez-toc-link ez-toc-heading-14\" href=\"https:\/\/www.location-benne.eu\/fr\/location-benne-72\/#6_La_location_benne_72_terre\" title=\"6) La location benne 72 terre\">6) La location benne 72 terre<\/a><\/li><\/ul><\/li><\/ul><\/nav><\/div>\n","protected":false},"excerpt":{"rendered":"","protected":false},"author":1,"featured_media":0,"parent":0,"menu_order":0,"comment_status":"closed","ping_status":"closed","template":"","meta":{"_et_pb_use_builder":"on","_et_pb_old_content":"","_et_gb_content_width":"","footnotes":""},"class_list":["post-764","page","type-page","status-publish","hentry"],"_links":{"self":[{"href":"https:\/\/www.location-benne.eu\/fr\/wp-json\/wp\/v2\/pages\/764","targetHints":{"allow":["GET"]}}],"collection":[{"href":"https:\/\/www.location-benne.eu\/fr\/wp-json\/wp\/v2\/pages"}],"about":[{"href":"https:\/\/www.location-benne.eu\/fr\/wp-json\/wp\/v2\/types\/page"}],"author":[{"embeddable":true,"href":"https:\/\/www.location-benne.eu\/fr\/wp-json\/wp\/v2\/users\/1"}],"replies":[{"embeddable":true,"href":"https:\/\/www.location-benne.eu\/fr\/wp-json\/wp\/v2\/comments?post=764"}],"version-history":[{"count":5,"href":"https:\/\/www.location-benne.eu\/fr\/wp-json\/wp\/v2\/pages\/764\/revisions"}],"predecessor-version":[{"id":1740,"href":"https:\/\/www.location-benne.eu\/fr\/wp-json\/wp\/v2\/pages\/764\/revisions\/1740"}],"wp:attachment":[{"href":"https:\/\/www.location-benne.eu\/fr\/wp-json\/wp\/v2\/media?parent=764"}],"curies":[{"name":"wp","href":"https:\/\/api.w.org\/{rel}","templated":true}]}}