{"id":2004,"date":"2023-01-23T18:37:34","date_gmt":"2023-01-23T18:37:34","guid":{"rendered":"https:\/\/www.location-benne.eu\/fr\/?page_id=2004"},"modified":"2023-02-13T18:21:01","modified_gmt":"2023-02-13T18:21:01","slug":"location-benne-colomiers","status":"publish","type":"page","link":"https:\/\/www.location-benne.eu\/fr\/location-benne-colomiers\/","title":{"rendered":"Location benne Colomiers 31"},"content":{"rendered":"<p>[et_pb_section fb_built=\u00a0\u00bb1&Prime; _builder_version=\u00a0\u00bb4.7.7&Prime; _module_preset=\u00a0\u00bbdefault\u00a0\u00bb background_image=\u00a0\u00bbhttps:\/\/www.location-benne.eu\/fr\/wp-content\/uploads\/2021\/06\/location-benne-left-png-7.png\u00a0\u00bb background_size=\u00a0\u00bbinitial\u00a0\u00bb background_position=\u00a0\u00bbtop_right\u00a0\u00bb min_height=\u00a0\u00bb593.2px\u00a0\u00bb custom_margin=\u00a0\u00bb-44px|||||\u00a0\u00bb custom_padding=\u00a0\u00bb4px||4px|||\u00a0\u00bb animation_style=\u00a0\u00bbbounce\u00a0\u00bb animation_direction=\u00a0\u00bbtop\u00a0\u00bb locked=\u00a0\u00bboff\u00a0\u00bb][et_pb_row _builder_version=\u00a0\u00bb4.7.7&Prime; _module_preset=\u00a0\u00bbdefault\u00a0\u00bb max_width=\u00a0\u00bb1000px\u00a0\u00bb custom_margin=\u00a0\u00bb|267px||auto||\u00a0\u00bb custom_padding=\u00a0\u00bb49px||21px|||\u00a0\u00bb][et_pb_column type=\u00a0\u00bb4_4&Prime; _builder_version=\u00a0\u00bb4.7.7&Prime; _module_preset=\u00a0\u00bbdefault\u00a0\u00bb][et_pb_text _builder_version=\u00a0\u00bb4.7.7&Prime; _module_preset=\u00a0\u00bbdefault\u00a0\u00bb header_font=\u00a0\u00bb|||on|||||\u00a0\u00bb header_text_color=\u00a0\u00bb#E02B20&Prime; header_font_size=\u00a0\u00bb50px\u00a0\u00bb header_2_font=\u00a0\u00bb|||on|||||\u00a0\u00bb header_2_text_color=\u00a0\u00bb#E02B20&Prime; header_2_font_size=\u00a0\u00bb39px\u00a0\u00bb custom_margin=\u00a0\u00bb||0px|||\u00a0\u00bb animation_style=\u00a0\u00bbbounce\u00a0\u00bb animation_direction=\u00a0\u00bbtop\u00a0\u00bb animation_duration=\u00a0\u00bb1950ms\u00a0\u00bb animation_delay=\u00a0\u00bb1500ms\u00a0\u00bb header_text_shadow_style=\u00a0\u00bbpreset3&Prime;]<\/p>\n<h2 style=\"text-align: center;\"><span class=\"ez-toc-section\" id=\"Besoin_dune_location_de_benne_pas_cher_rapidement\"><\/span>Besoin d&rsquo;une location de benne pas cher rapidement ?<span class=\"ez-toc-section-end\"><\/span><\/h2>\n<p>[\/et_pb_text][\/et_pb_column][\/et_pb_row][et_pb_row column_structure=\u00a0\u00bb2_5,3_5&Prime; _builder_version=\u00a0\u00bb4.7.7&Prime; _module_preset=\u00a0\u00bbdefault\u00a0\u00bb max_width=\u00a0\u00bb1200px\u00a0\u00bb custom_margin=\u00a0\u00bb7px|281px||auto||\u00a0\u00bb custom_padding=\u00a0\u00bb6px||9px|||\u00a0\u00bb locked=\u00a0\u00bboff\u00a0\u00bb][et_pb_column type=\u00a0\u00bb2_5&Prime; _builder_version=\u00a0\u00bb4.7.7&Prime; _module_preset=\u00a0\u00bbdefault\u00a0\u00bb][et_pb_text _builder_version=\u00a0\u00bb4.7.7&Prime; _module_preset=\u00a0\u00bbdefault\u00a0\u00bb header_text_align=\u00a0\u00bbcenter\u00a0\u00bb header_text_color=\u00a0\u00bb#E02B20&Prime; header_2_font=\u00a0\u00bb|||on|||||\u00a0\u00bb header_2_text_align=\u00a0\u00bbcenter\u00a0\u00bb header_2_font_size=\u00a0\u00bb32px\u00a0\u00bb header_3_text_align=\u00a0\u00bbcenter\u00a0\u00bb header_3_text_color=\u00a0\u00bb#E02B20&Prime; header_3_font_size=\u00a0\u00bb33px\u00a0\u00bb background_color=\u00a0\u00bb#FFFFFF\u00a0\u00bb min_height=\u00a0\u00bb265px\u00a0\u00bb custom_margin=\u00a0\u00bb40px|10px|21px|||\u00a0\u00bb custom_padding=\u00a0\u00bb39px|20px|13px|25px||\u00a0\u00bb animation_style=\u00a0\u00bbbounce\u00a0\u00bb animation_direction=\u00a0\u00bbbottom\u00a0\u00bb animation_duration=\u00a0\u00bb1500ms\u00a0\u00bb animation_delay=\u00a0\u00bb1450ms\u00a0\u00bb hover_enabled=\u00a0\u00bb0&Prime; header_2_text_shadow_style=\u00a0\u00bbpreset3&Prime; header_3_text_shadow_style=\u00a0\u00bbpreset3&Prime; border_radii=\u00a0\u00bbon|10px|10px|10px|10px\u00a0\u00bb box_shadow_style=\u00a0\u00bbpreset1&Prime; locked=\u00a0\u00bboff\u00a0\u00bb sticky_enabled=\u00a0\u00bb0&Prime;]<\/p>\n<h1 style=\"text-align: center;\"><span class=\"ez-toc-section\" id=\"LOCATION_BENNE_31\"><\/span><strong>LOCATION BENNE 31<\/strong><span class=\"ez-toc-section-end\"><\/span><\/h1>\n<p>&nbsp;<\/p>\n<h2 style=\"text-align: center;\"><span class=\"ez-toc-section\" id=\"emplacement_a_louer\"><\/span><strong>emplacement \u00e0 louer<\/strong><span class=\"ez-toc-section-end\"><\/span><\/h2>\n<p>&nbsp;<\/p>\n<h3 style=\"text-align: center;\"><span class=\"ez-toc-section\" id=\"TEL_06_13_34_59_39\"><\/span><span style=\"color: #e02b20;\"><a href=\"tel:+33613345939\" style=\"color: #e02b20;\">TEL : 06 13 34 59 39<\/a><\/span><span class=\"ez-toc-section-end\"><\/span><\/h3>\n<p>&nbsp;<\/p>\n<p>[\/et_pb_text][\/et_pb_column][et_pb_column type=\u00a0\u00bb3_5&Prime; _builder_version=\u00a0\u00bb4.7.7&Prime; _module_preset=\u00a0\u00bbdefault\u00a0\u00bb][et_pb_code _builder_version=\u00a0\u00bb4.7.7&Prime; _module_preset=\u00a0\u00bbdefault\u00a0\u00bb custom_padding=\u00a0\u00bb0px|||||\u00a0\u00bb animation_style=\u00a0\u00bbbounce\u00a0\u00bb animation_duration=\u00a0\u00bb2000ms\u00a0\u00bb animation_delay=\u00a0\u00bb1100ms\u00a0\u00bb]<iframe loading=\"lazy\" title=\"location benne 01 Ain vid\u00e9o\" src=\"https:\/\/www.location-benne.eu\/files\/animcamion\/index.html\" width=\"700\" height=\"400\" scrolling=\"no\" frameborder=\"0\" allowtransparency=\"true\" allow=\"autoplay\" allowfullscreen=\"true\"><\/iframe>[\/et_pb_code][\/et_pb_column][\/et_pb_row][et_pb_row _builder_version=\u00a0\u00bb4.7.7&Prime; _module_preset=\u00a0\u00bbdefault\u00a0\u00bb custom_padding=\u00a0\u00bb6px||6px|||\u00a0\u00bb][et_pb_column type=\u00a0\u00bb4_4&Prime; _builder_version=\u00a0\u00bb4.7.7&Prime; _module_preset=\u00a0\u00bbdefault\u00a0\u00bb][et_pb_button button_url=\u00a0\u00bbhttps:\/\/www.location-benne.eu\/fr\/devis-en-ligne\/\u00a0\u00bb button_text=\u00a0\u00bbMon devis location benne en 3 clics !\u00a0\u00bb button_alignment=\u00a0\u00bbcenter\u00a0\u00bb _builder_version=\u00a0\u00bb4.7.7&Prime; _module_preset=\u00a0\u00bbdefault\u00a0\u00bb custom_button=\u00a0\u00bbon\u00a0\u00bb button_text_color=\u00a0\u00bb#FFFFFF\u00a0\u00bb button_bg_color=\u00a0\u00bb#7CDA24&Prime; button_border_width=\u00a0\u00bb0px\u00a0\u00bb button_font=\u00a0\u00bb||||||||\u00a0\u00bb button_icon_color=\u00a0\u00bb#FFFFFF\u00a0\u00bb custom_margin=\u00a0\u00bb||3px|||\u00a0\u00bb animation_style=\u00a0\u00bbbounce\u00a0\u00bb animation_direction=\u00a0\u00bbbottom\u00a0\u00bb animation_duration=\u00a0\u00bb1850ms\u00a0\u00bb animation_delay=\u00a0\u00bb2400ms\u00a0\u00bb][\/et_pb_button][\/et_pb_column][\/et_pb_row][et_pb_row column_structure=\u00a0\u00bb1_4,1_4,1_4,1_4&Prime; _builder_version=\u00a0\u00bb4.7.7&Prime; _module_preset=\u00a0\u00bbdefault\u00a0\u00bb width=\u00a0\u00bb50%\u00a0\u00bb][et_pb_column type=\u00a0\u00bb1_4&Prime; _builder_version=\u00a0\u00bb4.7.7&Prime; _module_preset=\u00a0\u00bbdefault\u00a0\u00bb][et_pb_image src=\u00a0\u00bbhttps:\/\/www.location-benne.eu\/fr\/wp-content\/uploads\/2021\/05\/location-benne-8m3.jpg\u00a0\u00bb alt=\u00a0\u00bblocation benne ville rose\u00a0\u00bb title_text=\u00a0\u00bblocation-benne-8m3&Prime; _builder_version=\u00a0\u00bb4.7.7&Prime; _module_preset=\u00a0\u00bbdefault\u00a0\u00bb background_enable_color=\u00a0\u00bboff\u00a0\u00bb border_width_left=\u00a0\u00bb10px\u00a0\u00bb][\/et_pb_image][\/et_pb_column][et_pb_column type=\u00a0\u00bb1_4&Prime; _builder_version=\u00a0\u00bb4.7.7&Prime; _module_preset=\u00a0\u00bbdefault\u00a0\u00bb][et_pb_image src=\u00a0\u00bbhttps:\/\/www.location-benne.eu\/fr\/wp-content\/uploads\/2021\/05\/location-benne-12m3.jpg\u00a0\u00bb alt=\u00a0\u00bblocation benne 31&Prime; title_text=\u00a0\u00bblocation-benne-12m3&Prime; _builder_version=\u00a0\u00bb4.7.7&Prime; _module_preset=\u00a0\u00bbdefault\u00a0\u00bb border_width_left=\u00a0\u00bb10px\u00a0\u00bb][\/et_pb_image][\/et_pb_column][et_pb_column type=\u00a0\u00bb1_4&Prime; _builder_version=\u00a0\u00bb4.7.7&Prime; _module_preset=\u00a0\u00bbdefault\u00a0\u00bb][et_pb_image src=\u00a0\u00bbhttps:\/\/www.location-benne.eu\/fr\/wp-content\/uploads\/2021\/05\/location-benne-20m3.jpg\u00a0\u00bb alt=\u00a0\u00bblocation benne toulouse\u00a0\u00bb title_text=\u00a0\u00bblocation-benne-20m3&Prime; _builder_version=\u00a0\u00bb4.7.7&Prime; _module_preset=\u00a0\u00bbdefault\u00a0\u00bb border_width_left=\u00a0\u00bb10px\u00a0\u00bb][\/et_pb_image][\/et_pb_column][et_pb_column type=\u00a0\u00bb1_4&Prime; _builder_version=\u00a0\u00bb4.7.7&Prime; _module_preset=\u00a0\u00bbdefault\u00a0\u00bb][et_pb_image src=\u00a0\u00bbhttps:\/\/www.location-benne.eu\/fr\/wp-content\/uploads\/2021\/05\/location-benne-30m3.jpg\u00a0\u00bb alt=\u00a0\u00bblocation benne toulouse\u00a0\u00bb title_text=\u00a0\u00bblocation-benne-30m3&Prime; _builder_version=\u00a0\u00bb4.7.7&Prime; _module_preset=\u00a0\u00bbdefault\u00a0\u00bb border_width_left=\u00a0\u00bb10px\u00a0\u00bb][\/et_pb_image][\/et_pb_column][\/et_pb_row][et_pb_row _builder_version=\u00a0\u00bb4.7.7&Prime; _module_preset=\u00a0\u00bbdefault\u00a0\u00bb custom_padding=\u00a0\u00bb44px|||||\u00a0\u00bb][et_pb_column type=\u00a0\u00bb4_4&Prime; _builder_version=\u00a0\u00bb4.7.7&Prime; _module_preset=\u00a0\u00bbdefault\u00a0\u00bb][et_pb_text _builder_version=\u00a0\u00bb4.7.7&Prime; _module_preset=\u00a0\u00bbdefault\u00a0\u00bb header_font=\u00a0\u00bb|||on|||||\u00a0\u00bb header_text_align=\u00a0\u00bbcenter\u00a0\u00bb header_text_shadow_style=\u00a0\u00bbpreset3&Prime;]<\/p>\n<h2 style=\"text-align: center;\"><span class=\"ez-toc-section\" id=\"LES_DIMENSIONS_DE_NOS_BENNES_EN_LOCATION\"><\/span>LES DIMENSIONS DE NOS BENNES EN LOCATION<span class=\"ez-toc-section-end\"><\/span><\/h2>\n<p>[\/et_pb_text][et_pb_text _builder_version=\u00a0\u00bb4.7.7&Prime; _module_preset=\u00a0\u00bbdefault\u00a0\u00bb header_font=\u00a0\u00bb|||on|||||\u00a0\u00bb header_text_align=\u00a0\u00bbcenter\u00a0\u00bb header_text_shadow_style=\u00a0\u00bbpreset3&Prime;]<\/p>\n<h2 style=\"text-align: center;\"><span class=\"ez-toc-section\" id=\"A_la_recherche_dune_location_benne_Colomiers_rapidement_pour_debarrasser_vos_dechets_tout_venant_encombrant_ou_gravats_Bienvenue_louer_une_benne_na_jamais_ete_aussi_simple\"><\/span><em>A la recherche d&rsquo;une location benne Colomiers rapidement, pour d\u00e9barrasser vos d\u00e9chets, tout venant, encombrant ou gravats ? Bienvenue louer une benne na jamais \u00e9t\u00e9 aussi simple !<\/em><span class=\"ez-toc-section-end\"><\/span><\/h2>\n<p>[\/et_pb_text][\/et_pb_column][\/et_pb_row][et_pb_row _builder_version=\u00a0\u00bb4.7.7&Prime; _module_preset=\u00a0\u00bbdefault\u00a0\u00bb custom_padding=\u00a0\u00bb||13px|||\u00a0\u00bb][et_pb_column type=\u00a0\u00bb4_4&Prime; _builder_version=\u00a0\u00bb4.7.7&Prime; _module_preset=\u00a0\u00bbdefault\u00a0\u00bb][et_pb_text _builder_version=\u00a0\u00bb4.7.7&Prime; _module_preset=\u00a0\u00bbdefault\u00a0\u00bb header_2_text_align=\u00a0\u00bbcenter\u00a0\u00bb header_2_text_color=\u00a0\u00bb#E02B20&Prime; header_2_text_shadow_style=\u00a0\u00bbpreset3&Prime;]<\/p>\n<h2 align=\"center\" class=\"text-uppercase\"><span class=\"ez-toc-section\" id=\"DES_BENNES_POUR_LES_PROS_ET_LES_PARTICULIERS_EN_HAUTE-GARONNE\"><\/span>DES BENNES POUR LES PROS ET LES PARTICULIERS EN HAUTE-GARONNE<span class=\"ez-toc-section-end\"><\/span><\/h2>\n<p>[\/et_pb_text][et_pb_text _builder_version=\u00a0\u00bb4.7.7&Prime; _module_preset=\u00a0\u00bbdefault\u00a0\u00bb]<\/p>\n<p style=\"text-align: center;\">Location benne Colomiers &#8211; Mode d\u2019emploi pour louer une benne : appelez-nous ou contactez-nous directement via notre formulaire de contact. Nos engagements : vous recevez un devis <a href=\"https:\/\/www.location-benne.eu\/fr\/location-benne-31\/\">location benne 31<\/a> gratuit et clair dans les 24 heures suivant votre demande. Sous 48 heures apr\u00e8s validation du devis un chauffeur intervient pour d\u00e9poser une benne \u00e0 l&#8217;emplacement souhait\u00e9.<\/p>\n<p>[\/et_pb_text][et_pb_code _builder_version=\u00a0\u00bb4.7.7&Prime; _module_preset=\u00a0\u00bbdefault\u00a0\u00bb]<\/p>\n<h2 align=\"center\"><span class=\"ez-toc-section\" id=\"Location_benne_Colomiers_pour_y_mettre_quoi\"><\/span>Location benne Colomiers pour y mettre quoi ?<span class=\"ez-toc-section-end\"><\/span><\/h2>\n<p><!-- [et_pb_line_break_holder] --><!-- [et_pb_line_break_holder] --><!-- [et_pb_line_break_holder] --><!-- [et_pb_line_break_holder] --><!-- [et_pb_line_break_holder] --><pee align=\"justify\">L&rsquo;objectif premier de la location benne Colomiers comme : pouvoir stocker une grande quantit\u00e9 de d\u00e9chets pour qu&rsquo;ils soient ensuite recycl\u00e9s et retrait\u00e9s de la meilleure mani\u00e8re en une seule et unique fois. \u00c9conomie assur\u00e9e de carburant pour vos allers et retours en d\u00e9chetterie, \u00e9conomie de temps car probablement il vous faudra un certain nombre de voyages avant de tout \u00e9vacuer et \u00e9conomies de mauvaises surprises&#8230; le volume accord\u00e9 aux particuliers en d\u00e9chetterie \u00e9tant limit\u00e9 sur la r\u00e9gion Occitanie&#8230; Ne l&rsquo;oubliez pas !<\/pee><!-- [et_pb_line_break_holder] --><!-- [et_pb_line_break_holder] --><!-- [et_pb_line_break_holder] --><pee align=\"justify\">La location de benne aujourd&rsquo;hui se d\u00e9cline pour tous les besoins des professionnels ET des particuliers en <a href=\"https:\/\/fr.wikipedia.org\/wiki\/Haute-Garonne\" rel=\"noreferrer noopener\" target=\"_blank\">Haute-Garonne<\/a> :<\/pee><!-- [et_pb_line_break_holder] --><!-- [et_pb_line_break_holder] --><!-- [et_pb_line_break_holder] --><!-- [et_pb_line_break_holder] --><!-- [et_pb_line_break_holder] --><\/p>\n<ul><!-- [et_pb_line_break_holder] --><!-- [et_pb_line_break_holder] --> \t<\/p>\n<li>benne \u00e0 gravats : la plus connue de toutes les bennes pour les briques, morceaux de b\u00e9ton mais aussi terres cuites, tuiles, carrelage, b\u00e9ton, pierres, parpaings\u2026<\/li>\n<p><!-- [et_pb_line_break_holder] --><!-- [et_pb_line_break_holder] --><\/ul>\n<p><!-- [et_pb_line_break_holder] --><!-- [et_pb_line_break_holder] --><!-- [et_pb_line_break_holder] --><!-- [et_pb_line_break_holder] --><!-- [et_pb_line_break_holder] --><pee align=\"justify\">La plus connue et la plus pratique si l&rsquo;on prend en compte le simple fait que les gravats p\u00e8sent vite tr\u00e8s lourd et sont difficilement manipulables une fois entass\u00e9s. Grandes quantit\u00e9s de gravats pour les professionnels de la r\u00e9gion Occitanie, cela va de soit, mais aussi pour les particuliers qui en auront fait l&rsquo;exp\u00e9rience !<\/pee><!-- [et_pb_line_break_holder] --><!-- [et_pb_line_break_holder] --><!-- [et_pb_line_break_holder] --><\/p>\n<ul><!-- [et_pb_line_break_holder] --><!-- [et_pb_line_break_holder] --> \t<\/p>\n<li>location benne Colomiers \u00e0 encombrants : pour le mobilier (bureau, buffet, biblioth\u00e8que, petits meubles, \u00e9tag\u00e8res, commodes, tables, chaises, canap\u00e9, fauteuils, meubles de cuisine et de salle de bain, meubles en bois, le mobilier de jardin en plastique te en bois), la literie (lit, sommier et matelas), les objets (bicyclettes, v\u00e9los, jouets, poussettes, articles de d\u00e9coration, luminaires&#8230;) et les textiles (moquette, tapis, v\u00eatements, linge&#8230;).<\/li>\n<p><!-- [et_pb_line_break_holder] --><!-- [et_pb_line_break_holder] --><\/ul>\n<p><!-- [et_pb_line_break_holder] --><!-- [et_pb_line_break_holder] --><!-- [et_pb_line_break_holder] --><!-- [et_pb_line_break_holder] --><!-- [et_pb_line_break_holder] --><pee align=\"justify\">Locaton benne Colomiers &#8211; La benne \u00e0 encombrants est id\u00e9ale lorsque l&rsquo;on fait le vide \u00e0 la maison ou dans un entrep\u00f4t. Du grand nettoyage du garage ou des bureaux en passant par le d\u00e9barras complet d&rsquo;une maison, elle va vite s&rsquo;av\u00e9rer \u00eatre d&rsquo;un sacr\u00e9 secours.<\/pee><!-- [et_pb_line_break_holder] --><!-- [et_pb_line_break_holder] --><!-- [et_pb_line_break_holder] --><!-- [et_pb_line_break_holder] --><!-- [et_pb_line_break_holder] --><\/p>\n<ul><!-- [et_pb_line_break_holder] --><!-- [et_pb_line_break_holder] --> \t<\/p>\n<li>benne \u00e0 d\u00e9chets : la solution parfaite pour le tri s\u00e9lectif des d\u00e9chets comme par exemple le papier ou le carton, mais aussi les m\u00e9taux et tant d&rsquo;autres.<\/li>\n<p><!-- [et_pb_line_break_holder] --><!-- [et_pb_line_break_holder] --><!-- [et_pb_line_break_holder] --> \t<\/p>\n<li>benne de chantier : diff\u00e9rente de la benne \u00e0 gravats, la benne de chantier peut revoir les d\u00e9chets du b\u00e2timent en m\u00e9lange.<\/li>\n<p><!-- [et_pb_line_break_holder] --><!-- [et_pb_line_break_holder] --><!-- [et_pb_line_break_holder] --> \t<\/p>\n<li>benne tout-venant : destin\u00e9e \u00e0 tout ce qui n&rsquo;a pas de fili\u00e8re de recyclage ou de traitement sp\u00e9cifique. On y retrouve ainsi tout ce qui sera incin\u00e9r\u00e9 et valoris\u00e9 \u00e9nerg\u00e9tiquement.<\/li>\n<p><!-- [et_pb_line_break_holder] --><!-- [et_pb_line_break_holder] --><!-- [et_pb_line_break_holder] --> \t<\/p>\n<li>benne terre : elle porte bien son nom puisqu&rsquo;elle est faite pour r\u00e9colter tous les exc\u00e9dents de terre du terrassement d&rsquo;un terrain.<\/li>\n<p><!-- [et_pb_line_break_holder] --><!-- [et_pb_line_break_holder] --><\/ul>\n<p><!-- [et_pb_line_break_holder] --><!-- [et_pb_line_break_holder] --><!-- [et_pb_line_break_holder] --><!-- [et_pb_line_break_holder] --><!-- [et_pb_line_break_holder] --><\/p>\n<h2 align=\"center\" class=\"text-uppercase\"><span class=\"ez-toc-section\" id=\"Les_differents_types_de_benne_en_location\"><\/span>Les diff\u00e9rents types de benne en location<span class=\"ez-toc-section-end\"><\/span><\/h2>\n<p><!-- [et_pb_line_break_holder] --><!-- [et_pb_line_break_holder] --><!-- [et_pb_line_break_holder] --><!-- [et_pb_line_break_holder] --><!-- [et_pb_line_break_holder] --><\/p>\n<div class=\"well\"><!-- [et_pb_line_break_holder] --><!-- [et_pb_line_break_holder] --><pee align=\"center\"><img decoding=\"async\" src=\"https:\/\/www.location-benne.eu\/files\/img_webp\/location-benne-logo-icon.png\" width=\"30%\" height=\"\" alt=\"location benne Colomiers\"><\/pee><!-- [et_pb_line_break_holder] --><!-- [et_pb_line_break_holder] --><!-- [et_pb_line_break_holder] --><\/p>\n<h2 align=\"center\"><span class=\"ez-toc-section\" id=\"1_La_location_de_benne_a_gravats\"><\/span>1) La location de benne \u00e0 gravats<span class=\"ez-toc-section-end\"><\/span><\/h2>\n<p><!-- [et_pb_line_break_holder] --><!-- [et_pb_line_break_holder] --><!-- [et_pb_line_break_holder] --><!-- [et_pb_line_break_holder] --><!-- [et_pb_line_break_holder] --><pee align=\"justify\">La location benne Colomiers \u00e0 gravats s&rsquo;adresse \u00e0 tous ceux qui font des travaux pour pouvoir \u00e9vacuer et faire recycler correctement tous les restes de la construction ou de la d\u00e9molition : briques, morceaux de b\u00e9ton mais aussi terres cuites, tuiles, carrelage, b\u00e9ton, pierres, parpaings\u2026 Si vous avez plus de 2 m3 de gravats \u00e0 mener en centre de recyclage, optez pour la benne sp\u00e9cialement d\u00e9di\u00e9e au risque de vous y voir refuser l&rsquo;entr\u00e9e en tant que particulier.<\/pee><!-- [et_pb_line_break_holder] --><\/p>\n<ul><!-- [et_pb_line_break_holder] -->\t<\/p>\n<li><a href=\"https:\/\/www.location-benne.eu\/fr\/location-benne-31\/\">31<\/a><\/li>\n<p><!-- [et_pb_line_break_holder] -->\t<\/p>\n<li><a href=\"https:\/\/www.location-benne.eu\/fr\/location-benne-toulouse\/\">toulouse<\/a><\/li>\n<p><!-- [et_pb_line_break_holder] -->\t<\/p>\n<li><a href=\"https:\/\/www.location-benne.eu\/fr\/location-benne-colomiers\/\">colomiers<\/a><\/li>\n<p><!-- [et_pb_line_break_holder] -->\t<\/p>\n<li><a href=\"https:\/\/www.location-benne.eu\/fr\/location-benne-tournefeuille-31\/\">tournefeuille<\/a><\/li>\n<p><!-- [et_pb_line_break_holder] -->\t<\/p>\n<li><a href=\"https:\/\/www.location-benne.eu\/fr\/location-benne-blagnac-31\/\">blagnac<\/a><\/li>\n<p><!-- [et_pb_line_break_holder] -->\t<\/p>\n<li><a href=\"https:\/\/www.location-benne.eu\/fr\/location-benne-muret-31\/\">muret<\/a><\/li>\n<p><!-- [et_pb_line_break_holder] -->\t<\/p>\n<li><a href=\"https:\/\/www.location-benne.eu\/fr\/location-benne-cugnaux-31\/\">cugnaux<\/a><\/li>\n<p><!-- [et_pb_line_break_holder] -->\t<\/p>\n<li><a href=\"https:\/\/www.location-benne.eu\/fr\/location-benne-plaisance-du-touch-31\/\">plaisance-du-touch<\/a><\/li>\n<p><!-- [et_pb_line_break_holder] -->\t<\/p>\n<li><a href=\"https:\/\/www.location-benne.eu\/fr\/location-benne-balma-31\/\">balma<\/a><\/li>\n<p><!-- [et_pb_line_break_holder] -->\t<\/p>\n<li><a href=\"https:\/\/www.location-benne.eu\/fr\/location-benne-ramonville-saint-agne-31\/\">ramonville-saint-agne<\/a><\/li>\n<p><!-- [et_pb_line_break_holder] --><\/ul>\n<p><!-- [et_pb_line_break_holder] --><!-- [et_pb_line_break_holder] --><!-- [et_pb_line_break_holder] --><!-- [et_pb_line_break_holder] --><pee align=\"justify\">A noter : les gravats p\u00e8sent vite tr\u00e8s lourd et sont difficilement manipulables manuellement une fois entass\u00e9s, \u00e0 ne pas oublier si vous envisagez de les \u00e9vacuer par vos propres moyens.<\/pee><!-- [et_pb_line_break_holder] --><!-- [et_pb_line_break_holder] --><!-- [et_pb_line_break_holder] --><!-- [et_pb_line_break_holder] --><\/div>\n<p><!-- [et_pb_line_break_holder] --><!-- [et_pb_line_break_holder] --><!-- [et_pb_line_break_holder] --><\/p>\n<div class=\"well\"><!-- [et_pb_line_break_holder] --><!-- [et_pb_line_break_holder] --><pee align=\"center\"><img decoding=\"async\" src=\"https:\/\/www.location-benne.eu\/files\/img_webp\/location-benne-logo-icon.png\" width=\"30%\" height=\"\" alt=\"location benne Colomiers\"><\/pee><!-- [et_pb_line_break_holder] --><!-- [et_pb_line_break_holder] --><!-- [et_pb_line_break_holder] --><\/p>\n<h2 align=\"center\"><span class=\"ez-toc-section\" id=\"2_La_location_benne_Colomiers_encombrant\"><\/span>2) La location benne Colomiers encombrant<span class=\"ez-toc-section-end\"><\/span><\/h2>\n<p><!-- [et_pb_line_break_holder] --><!-- [et_pb_line_break_holder] --><!-- [et_pb_line_break_holder] --><!-- [et_pb_line_break_holder] --><!-- [et_pb_line_break_holder] --><pee align=\"justify\">Locaton benne Colomiers &#8211; Id\u00e9ale pour vous permettre d&rsquo;\u00e9vacuer tous vos encombrants lors d&rsquo;un d\u00e9barras maison ou d&rsquo;un d\u00e9barras entrep\u00f4t par exemple, la benne encombrant est tout autant destin\u00e9e \u00e0 un usage par les professionnels que par les particuliers.<\/pee><!-- [et_pb_line_break_holder] --><!-- [et_pb_line_break_holder] --><!-- [et_pb_line_break_holder] --><!-- [et_pb_line_break_holder] --><!-- [et_pb_line_break_holder] --><pee align=\"justify\">Les encombrants qui y sont admis sont : le mobilier (bureau, buffet, biblioth\u00e8que, petits meubles, \u00e9tag\u00e8res, commodes, tables, chaises, canap\u00e9, fauteuils, meubles de cuisine et de salle de bain, meubles en bois, le mobilier de jardin en plastique te en bois), la literie (lit, sommier et matelas), les objets (bicyclettes, v\u00e9los, jouets, poussettes, articles de d\u00e9coration, luminaires&#8230;) et les textiles (moquette, tapis, v\u00eatements, linge&#8230;).<\/pee><!-- [et_pb_line_break_holder] --><!-- [et_pb_line_break_holder] --><!-- [et_pb_line_break_holder] --><!-- [et_pb_line_break_holder] --><\/div>\n<p><!-- [et_pb_line_break_holder] --><!-- [et_pb_line_break_holder] --><!-- [et_pb_line_break_holder] --><!-- [et_pb_line_break_holder] --><!-- [et_pb_line_break_holder] --><\/p>\n<div class=\"well\"><!-- [et_pb_line_break_holder] --><!-- [et_pb_line_break_holder] --><pee align=\"center\"><img decoding=\"async\" src=\"https:\/\/www.location-benne.eu\/files\/img_webp\/location-benne-logo-icon.png\" width=\"30%\" height=\"\" alt=\"location benne Colomiers\"><\/pee><!-- [et_pb_line_break_holder] --><!-- [et_pb_line_break_holder] --><!-- [et_pb_line_break_holder] --><\/p>\n<h2 align=\"center\"><span class=\"ez-toc-section\" id=\"3_La_location_benne_Colomiers_a_dechets\"><\/span>3) La location benne Colomiers \u00e0 d\u00e9chets<span class=\"ez-toc-section-end\"><\/span><\/h2>\n<p><!-- [et_pb_line_break_holder] --><!-- [et_pb_line_break_holder] --><!-- [et_pb_line_break_holder] --><!-- [et_pb_line_break_holder] --><!-- [et_pb_line_break_holder] --><pee align=\"justify\">V\u00e9ritable benne \u00e0 d\u00e9bris pour le tri des d\u00e9chets, rebus et diff\u00e9rents mat\u00e9riaux, la benne \u00e0 d\u00e9chets se d\u00e9cline dans toutes les tailles.<\/pee><!-- [et_pb_line_break_holder] --><!-- [et_pb_line_break_holder] --><!-- [et_pb_line_break_holder] --><!-- [et_pb_line_break_holder] --><!-- [et_pb_line_break_holder] --><pee align=\"justify\">Locaton benne Colomiers &#8211; Initialement \u00e0 vocation industrielle, la benne \u00e0 d\u00e9chets en r\u00e9gion Occitanie peut \u00e9galement \u00eatre fort utile \u00e0 l&rsquo;\u00e9chelle des particuliers. Il arrive en effet parfois au moment de vider une maison et ses ext\u00e9rieurs de trouver des monceaux de ferraille par exemple. Chez les professionnels, elle sera aussi indispensable pour le tri des d\u00e9chets en fonction de leur nature (les cartons, le paier, la sciure de bois, les d\u00e9chets plastiques etc.).<\/pee><!-- [et_pb_line_break_holder] --><!-- [et_pb_line_break_holder] --><!-- [et_pb_line_break_holder] --><!-- [et_pb_line_break_holder] --><!-- [et_pb_line_break_holder] --><pee align=\"justify\">Il s&rsquo;agit sans conteste du moyen le plus efficace de se d\u00e9barrasser des d\u00e9chets de la mani\u00e8re la plus \u00e9cologique qu&rsquo;il soit.<\/pee><!-- [et_pb_line_break_holder] --><!-- [et_pb_line_break_holder] --><!-- [et_pb_line_break_holder] --><!-- [et_pb_line_break_holder] --><\/div>\n<p><!-- [et_pb_line_break_holder] --><!-- [et_pb_line_break_holder] --><!-- [et_pb_line_break_holder] --><!-- [et_pb_line_break_holder] --><!-- [et_pb_line_break_holder] --><\/p>\n<div class=\"well\"><!-- [et_pb_line_break_holder] --><!-- [et_pb_line_break_holder] --><pee align=\"center\"><img decoding=\"async\" src=\"https:\/\/www.location-benne.eu\/files\/img_webp\/location-benne-logo-icon.png\" width=\"30%\" height=\"\" alt=\"location benne Colomiers\"><\/pee><!-- [et_pb_line_break_holder] --><!-- [et_pb_line_break_holder] --><!-- [et_pb_line_break_holder] --><\/p>\n<h2 align=\"center\"><span class=\"ez-toc-section\" id=\"4_La_location_benne_Colomiers_de_chantier\"><\/span>4) La location benne Colomiers de chantier<span class=\"ez-toc-section-end\"><\/span><\/h2>\n<p><!-- [et_pb_line_break_holder] --><!-- [et_pb_line_break_holder] --><!-- [et_pb_line_break_holder] --><!-- [et_pb_line_break_holder] --><!-- [et_pb_line_break_holder] --><pee align=\"justify\">La benne de chantier est faite pour les d\u00e9chets de chantier en m\u00e9lange, elle s&rsquo;adresse donc plus particuli\u00e8rement aux acteurs du b\u00e2timent et des travaux publics.<\/pee><!-- [et_pb_line_break_holder] --><!-- [et_pb_line_break_holder] --><!-- [et_pb_line_break_holder] --><!-- [et_pb_line_break_holder] --><!-- [et_pb_line_break_holder] --><pee align=\"justify\">La location benne Colomiers de chantier peut recevoir : fen\u00eatres et portes en aluminium, en PVC et en m\u00e9tal mais aussi en bois verni, e verre de fen\u00eatres ou de portes, les radiateurs purg\u00e9s (souvent en fonte), tous les conduits de chemin\u00e9e hormis l&rsquo;inox, la tuyauterie en PVC\/m\u00e9tal\/cuivre, des poteaux en b\u00e9ton arm\u00e9, du grillage souple en plastique&#8230; A cela s&rsquo;ajoutent les r\u00e9sidus de sols et de plafonds (parquet flottant, faux plafond&#8230;), le pl\u00e2tre et ses d\u00e9riv\u00e9s, et les mat\u00e9riaux d&rsquo;isolation \u00e0 base de fibre de verre tels que la laine de verre ou le polystyr\u00e8ne.<\/pee><!-- [et_pb_line_break_holder] --><!-- [et_pb_line_break_holder] --><!-- [et_pb_line_break_holder] --><!-- [et_pb_line_break_holder] --><\/div>\n<p><!-- [et_pb_line_break_holder] --><!-- [et_pb_line_break_holder] --><!-- [et_pb_line_break_holder] --><\/p>\n<div class=\"well\"><!-- [et_pb_line_break_holder] --><!-- [et_pb_line_break_holder] --><pee align=\"center\"><img decoding=\"async\" src=\"https:\/\/www.location-benne.eu\/files\/img_webp\/location-benne-logo-icon.png\" width=\"30%\" height=\"\" alt=\"location benne Colomiers\"><\/pee><!-- [et_pb_line_break_holder] --><!-- [et_pb_line_break_holder] --><!-- [et_pb_line_break_holder] --><\/p>\n<h2 align=\"center\"><span class=\"ez-toc-section\" id=\"5_La_location_de_benne_tout_venant\"><\/span>5) La location de benne tout venant<span class=\"ez-toc-section-end\"><\/span><\/h2>\n<p><!-- [et_pb_line_break_holder] --><!-- [et_pb_line_break_holder] --><!-- [et_pb_line_break_holder] --><!-- [et_pb_line_break_holder] --><!-- [et_pb_line_break_holder] --><pee align=\"justify\">Locaton benne Colomiers &#8211; Ce qui est qualifi\u00e9 de \u00ab\u00a0tout venant\u00a0\u00bb est en r\u00e9alit\u00e9 constitu\u00e9 des d\u00e9chets qui ne poss\u00e8dent pas de fili\u00e8re de recyclage ou de traitement sp\u00e9cifique. Les d\u00e9chets accept\u00e9s dans une benne tout venant sont : les matelas, le mobilier en plastique, le mobilier (hors bois), la literie, certaines plaques isolantes, la moquette, le verre (en provenance des fen\u00eatres et des vitres), le plastique, le polystyr\u00e8ne, les tissus, le caoutchouc, les cartons souill\u00e9s&#8230;.<\/pee><!-- [et_pb_line_break_holder] --><!-- [et_pb_line_break_holder] --><!-- [et_pb_line_break_holder] --><!-- [et_pb_line_break_holder] --><!-- [et_pb_line_break_holder] --><pee align=\"justify\">Les d\u00e9chets de la benne tout venant sont incin\u00e9r\u00e9s avec valorisation \u00e9nerg\u00e9tique, c&rsquo;est la raison pour laquelle il ne faut pas que les objets d\u00e9passent la taille de 1 m\u00e8tre \u00e0 cause des contraintes techniques de l&rsquo;incin\u00e9ration.<\/pee><!-- [et_pb_line_break_holder] --><!-- [et_pb_line_break_holder] --><!-- [et_pb_line_break_holder] --><!-- [et_pb_line_break_holder] --><\/div>\n<p><!-- [et_pb_line_break_holder] --><!-- [et_pb_line_break_holder] --><!-- [et_pb_line_break_holder] --><!-- [et_pb_line_break_holder] --><!-- [et_pb_line_break_holder] --><\/p>\n<div class=\"well\"><!-- [et_pb_line_break_holder] --><!-- [et_pb_line_break_holder] --><pee align=\"center\"><img decoding=\"async\" src=\"https:\/\/www.location-benne.eu\/files\/img_webp\/location-benne-logo-icon.png\" width=\"30%\" height=\"\" alt=\"location benne Colomiers\"><\/pee><!-- [et_pb_line_break_holder] --><!-- [et_pb_line_break_holder] --><!-- [et_pb_line_break_holder] --><\/p>\n<h2 align=\"center\"><span class=\"ez-toc-section\" id=\"6_La_location_benne_Colomiers_terre\"><\/span>6) La location benne Colomiers terre<span class=\"ez-toc-section-end\"><\/span><\/h2>\n<p><!-- [et_pb_line_break_holder] --><!-- [et_pb_line_break_holder] --><!-- [et_pb_line_break_holder] --><!-- [et_pb_line_break_holder] --><!-- [et_pb_line_break_holder] --><pee align=\"justify\">A l&rsquo;occasion d&rsquo;un chantier de construction de maison ou encore de piscine, la terre issue des fondations et du terrassement constitue vite une montagne dont on sait plus que faire&#8230;<\/pee><!-- [et_pb_line_break_holder] --><!-- [et_pb_line_break_holder] --><!-- [et_pb_line_break_holder] --><!-- [et_pb_line_break_holder] --><!-- [et_pb_line_break_holder] --><pee align=\"justify\">Mettre la terre directement et au fur et \u00e0 mesure dans une location benne Colomiers terre pour qu&rsquo;elle puisse \u00eatre retir\u00e9e des lieux proprement reste la solution id\u00e9ale rapide et efficace.<\/pee><!-- [et_pb_line_break_holder] --><!-- [et_pb_line_break_holder] --><!-- [et_pb_line_break_holder] --><!-- [et_pb_line_break_holder] --><!-- [et_pb_line_break_holder] --><pee align=\"justify\">Sp\u00e9cialement con\u00e7ues pour le chargement et le d\u00e9chargement de la terre, les bennes terre sont g\u00e9n\u00e9ralement pourvues d&rsquo;un crochet destin\u00e9 au v\u00e9hicule qui viendra retirer la benne en la soulevant.<\/pee><!-- [et_pb_line_break_holder] --><!-- [et_pb_line_break_holder] --><!-- [et_pb_line_break_holder] --><!-- [et_pb_line_break_holder] --><!-- [et_pb_line_break_holder] --><pee align=\"justify\">Terre v\u00e9g\u00e9tale, remblai ou terre sablonneuse ou argileuse en fonction du terrain, cette derni\u00e8re fera l&rsquo;objet de recyclage puis de r\u00e9emploi pour niveler des terrains par exemple ou servir aux travaux publics, location benne Colomiers dans le d\u00e9partement Haute-Garonne en r\u00e9gion Occitanie.<\/pee><!-- [et_pb_line_break_holder] --><!-- [et_pb_line_break_holder] --><!-- [et_pb_line_break_holder] --><!-- [et_pb_line_break_holder] --><\/div>\n<p>[\/et_pb_code][\/et_pb_column][\/et_pb_row][et_pb_row _builder_version=\u00a0\u00bb4.7.7&Prime; _module_preset=\u00a0\u00bbdefault\u00a0\u00bb custom_padding=\u00a0\u00bb||8px|||\u00a0\u00bb][et_pb_column type=\u00a0\u00bb4_4&Prime; _builder_version=\u00a0\u00bb4.7.7&Prime; _module_preset=\u00a0\u00bbdefault\u00a0\u00bb][et_pb_divider _builder_version=\u00a0\u00bb4.7.7&Prime; _module_preset=\u00a0\u00bbdefault\u00a0\u00bb][\/et_pb_divider][\/et_pb_column][\/et_pb_row][\/et_pb_section][et_pb_section fb_built=\u00a0\u00bb1&Prime; _builder_version=\u00a0\u00bb4.7.7&Prime; _module_preset=\u00a0\u00bbdefault\u00a0\u00bb custom_padding=\u00a0\u00bb8px|||||\u00a0\u00bb][\/et_pb_section]<\/p>\n<div id=\"ez-toc-container\" class=\"ez-toc-v2_0_62 counter-hierarchy ez-toc-counter ez-toc-grey ez-toc-container-direction\">\n<label for=\"ez-toc-cssicon-toggle-item-69f341f6695e4\" class=\"ez-toc-cssicon-toggle-label\"><span class=\"\"><span class=\"eztoc-hide\" style=\"display:none;\">Toggle<\/span><span class=\"ez-toc-icon-toggle-span\"><svg style=\"fill: #999;color:#999\" xmlns=\"http:\/\/www.w3.org\/2000\/svg\" class=\"list-377408\" width=\"20px\" height=\"20px\" viewBox=\"0 0 24 24\" fill=\"none\"><path d=\"M6 6H4v2h2V6zm14 0H8v2h12V6zM4 11h2v2H4v-2zm16 0H8v2h12v-2zM4 16h2v2H4v-2zm16 0H8v2h12v-2z\" fill=\"currentColor\"><\/path><\/svg><svg style=\"fill: #999;color:#999\" class=\"arrow-unsorted-368013\" xmlns=\"http:\/\/www.w3.org\/2000\/svg\" width=\"10px\" height=\"10px\" viewBox=\"0 0 24 24\" version=\"1.2\" baseProfile=\"tiny\"><path d=\"M18.2 9.3l-6.2-6.3-6.2 6.3c-.2.2-.3.4-.3.7s.1.5.3.7c.2.2.4.3.7.3h11c.3 0 .5-.1.7-.3.2-.2.3-.5.3-.7s-.1-.5-.3-.7zM5.8 14.7l6.2 6.3 6.2-6.3c.2-.2.3-.5.3-.7s-.1-.5-.3-.7c-.2-.2-.4-.3-.7-.3h-11c-.3 0-.5.1-.7.3-.2.2-.3.5-.3.7s.1.5.3.7z\"\/><\/svg><\/span><\/span><\/label><input type=\"checkbox\"  id=\"ez-toc-cssicon-toggle-item-69f341f6695e4\" checked aria-label=\"Toggle\" \/><nav><ul class='ez-toc-list ez-toc-list-level-1 ' ><ul class='ez-toc-list-level-2' ><li class='ez-toc-heading-level-2'><a class=\"ez-toc-link ez-toc-heading-1\" href=\"https:\/\/www.location-benne.eu\/fr\/location-benne-colomiers\/#Besoin_dune_location_de_benne_pas_cher_rapidement\" title=\"Besoin d&rsquo;une location de benne pas cher rapidement ?\">Besoin d&rsquo;une location de benne pas cher rapidement ?<\/a><\/li><\/ul><\/li><li class='ez-toc-page-1 ez-toc-heading-level-1'><a class=\"ez-toc-link ez-toc-heading-2\" href=\"https:\/\/www.location-benne.eu\/fr\/location-benne-colomiers\/#LOCATION_BENNE_31\" title=\"LOCATION BENNE 31\">LOCATION BENNE 31<\/a><ul class='ez-toc-list-level-2' ><li class='ez-toc-heading-level-2'><a class=\"ez-toc-link ez-toc-heading-3\" href=\"https:\/\/www.location-benne.eu\/fr\/location-benne-colomiers\/#emplacement_a_louer\" title=\"emplacement \u00e0 louer\">emplacement \u00e0 louer<\/a><ul class='ez-toc-list-level-3' ><li class='ez-toc-heading-level-3'><a class=\"ez-toc-link ez-toc-heading-4\" href=\"https:\/\/www.location-benne.eu\/fr\/location-benne-colomiers\/#TEL_06_13_34_59_39\" title=\"TEL : 06 13 34 59 39\">TEL : 06 13 34 59 39<\/a><\/li><\/ul><\/li><li class='ez-toc-page-1 ez-toc-heading-level-2'><a class=\"ez-toc-link ez-toc-heading-5\" href=\"https:\/\/www.location-benne.eu\/fr\/location-benne-colomiers\/#LES_DIMENSIONS_DE_NOS_BENNES_EN_LOCATION\" title=\"LES DIMENSIONS DE NOS BENNES EN LOCATION\">LES DIMENSIONS DE NOS BENNES EN LOCATION<\/a><\/li><li class='ez-toc-page-1 ez-toc-heading-level-2'><a class=\"ez-toc-link ez-toc-heading-6\" href=\"https:\/\/www.location-benne.eu\/fr\/location-benne-colomiers\/#A_la_recherche_dune_location_benne_Colomiers_rapidement_pour_debarrasser_vos_dechets_tout_venant_encombrant_ou_gravats_Bienvenue_louer_une_benne_na_jamais_ete_aussi_simple\" title=\"A la recherche d&rsquo;une location benne Colomiers rapidement, pour d\u00e9barrasser vos d\u00e9chets, tout venant, encombrant ou gravats ? Bienvenue louer une benne na jamais \u00e9t\u00e9 aussi simple !\">A la recherche d&rsquo;une location benne Colomiers rapidement, pour d\u00e9barrasser vos d\u00e9chets, tout venant, encombrant ou gravats ? Bienvenue louer une benne na jamais \u00e9t\u00e9 aussi simple !<\/a><\/li><li class='ez-toc-page-1 ez-toc-heading-level-2'><a class=\"ez-toc-link ez-toc-heading-7\" href=\"https:\/\/www.location-benne.eu\/fr\/location-benne-colomiers\/#DES_BENNES_POUR_LES_PROS_ET_LES_PARTICULIERS_EN_HAUTE-GARONNE\" title=\"DES BENNES POUR LES PROS ET LES PARTICULIERS EN HAUTE-GARONNE\">DES BENNES POUR LES PROS ET LES PARTICULIERS EN HAUTE-GARONNE<\/a><\/li><li class='ez-toc-page-1 ez-toc-heading-level-2'><a class=\"ez-toc-link ez-toc-heading-8\" href=\"https:\/\/www.location-benne.eu\/fr\/location-benne-colomiers\/#Location_benne_Colomiers_pour_y_mettre_quoi\" title=\"Location benne Colomiers pour y mettre quoi ?\">Location benne Colomiers pour y mettre quoi ?<\/a><\/li><li class='ez-toc-page-1 ez-toc-heading-level-2'><a class=\"ez-toc-link ez-toc-heading-9\" href=\"https:\/\/www.location-benne.eu\/fr\/location-benne-colomiers\/#Les_differents_types_de_benne_en_location\" title=\"Les diff\u00e9rents types de benne en location\">Les diff\u00e9rents types de benne en location<\/a><\/li><li class='ez-toc-page-1 ez-toc-heading-level-2'><a class=\"ez-toc-link ez-toc-heading-10\" href=\"https:\/\/www.location-benne.eu\/fr\/location-benne-colomiers\/#1_La_location_de_benne_a_gravats\" title=\"1) La location de benne \u00e0 gravats\">1) La location de benne \u00e0 gravats<\/a><\/li><li class='ez-toc-page-1 ez-toc-heading-level-2'><a class=\"ez-toc-link ez-toc-heading-11\" href=\"https:\/\/www.location-benne.eu\/fr\/location-benne-colomiers\/#2_La_location_benne_Colomiers_encombrant\" title=\"2) La location benne Colomiers encombrant\">2) La location benne Colomiers encombrant<\/a><\/li><li class='ez-toc-page-1 ez-toc-heading-level-2'><a class=\"ez-toc-link ez-toc-heading-12\" href=\"https:\/\/www.location-benne.eu\/fr\/location-benne-colomiers\/#3_La_location_benne_Colomiers_a_dechets\" title=\"3) La location benne Colomiers \u00e0 d\u00e9chets\">3) La location benne Colomiers \u00e0 d\u00e9chets<\/a><\/li><li class='ez-toc-page-1 ez-toc-heading-level-2'><a class=\"ez-toc-link ez-toc-heading-13\" href=\"https:\/\/www.location-benne.eu\/fr\/location-benne-colomiers\/#4_La_location_benne_Colomiers_de_chantier\" title=\"4) La location benne Colomiers de chantier\">4) La location benne Colomiers de chantier<\/a><\/li><li class='ez-toc-page-1 ez-toc-heading-level-2'><a class=\"ez-toc-link ez-toc-heading-14\" href=\"https:\/\/www.location-benne.eu\/fr\/location-benne-colomiers\/#5_La_location_de_benne_tout_venant\" title=\"5) La location de benne tout venant\">5) La location de benne tout venant<\/a><\/li><li class='ez-toc-page-1 ez-toc-heading-level-2'><a class=\"ez-toc-link ez-toc-heading-15\" href=\"https:\/\/www.location-benne.eu\/fr\/location-benne-colomiers\/#6_La_location_benne_Colomiers_terre\" title=\"6) La location benne Colomiers terre\">6) La location benne Colomiers terre<\/a><\/li><\/ul><\/li><\/ul><\/nav><\/div>\n","protected":false},"excerpt":{"rendered":"<p>[et_pb_section fb_built=\u00a0\u00bb1&Prime; _builder_version=\u00a0\u00bb4.7.7&Prime; _module_preset=\u00a0\u00bbdefault\u00a0\u00bb background_image=\u00a0\u00bbhttps:\/\/www.location-benne.eu\/fr\/wp-content\/uploads\/2021\/06\/location-benne-left-png-7.png\u00a0\u00bb background_size=\u00a0\u00bbinitial\u00a0\u00bb background_position=\u00a0\u00bbtop_right\u00a0\u00bb min_height=\u00a0\u00bb593.2px\u00a0\u00bb custom_margin=\u00a0\u00bb-44px|||||\u00a0\u00bb custom_padding=\u00a0\u00bb4px||4px|||\u00a0\u00bb animation_style=\u00a0\u00bbbounce\u00a0\u00bb animation_direction=\u00a0\u00bbtop\u00a0\u00bb locked=\u00a0\u00bboff\u00a0\u00bb][et_pb_row _builder_version=\u00a0\u00bb4.7.7&Prime; _module_preset=\u00a0\u00bbdefault\u00a0\u00bb max_width=\u00a0\u00bb1000px\u00a0\u00bb custom_margin=\u00a0\u00bb|267px||auto||\u00a0\u00bb custom_padding=\u00a0\u00bb49px||21px|||\u00a0\u00bb][et_pb_column type=\u00a0\u00bb4_4&Prime; _builder_version=\u00a0\u00bb4.7.7&Prime; _module_preset=\u00a0\u00bbdefault\u00a0\u00bb][et_pb_text _builder_version=\u00a0\u00bb4.7.7&Prime; _module_preset=\u00a0\u00bbdefault\u00a0\u00bb header_font=\u00a0\u00bb|||on|||||\u00a0\u00bb header_text_color=\u00a0\u00bb#E02B20&Prime; header_font_size=\u00a0\u00bb50px\u00a0\u00bb header_2_font=\u00a0\u00bb|||on|||||\u00a0\u00bb header_2_text_color=\u00a0\u00bb#E02B20&Prime; header_2_font_size=\u00a0\u00bb39px\u00a0\u00bb custom_margin=\u00a0\u00bb||0px|||\u00a0\u00bb animation_style=\u00a0\u00bbbounce\u00a0\u00bb animation_direction=\u00a0\u00bbtop\u00a0\u00bb animation_duration=\u00a0\u00bb1950ms\u00a0\u00bb animation_delay=\u00a0\u00bb1500ms\u00a0\u00bb header_text_shadow_style=\u00a0\u00bbpreset3&Prime;] Besoin d&rsquo;une location de benne pas cher rapidement ? [\/et_pb_text][\/et_pb_column][\/et_pb_row][et_pb_row column_structure=\u00a0\u00bb2_5,3_5&Prime; _builder_version=\u00a0\u00bb4.7.7&Prime; _module_preset=\u00a0\u00bbdefault\u00a0\u00bb max_width=\u00a0\u00bb1200px\u00a0\u00bb custom_margin=\u00a0\u00bb7px|281px||auto||\u00a0\u00bb custom_padding=\u00a0\u00bb6px||9px|||\u00a0\u00bb locked=\u00a0\u00bboff\u00a0\u00bb][et_pb_column type=\u00a0\u00bb2_5&Prime; _builder_version=\u00a0\u00bb4.7.7&Prime; _module_preset=\u00a0\u00bbdefault\u00a0\u00bb][et_pb_text [&hellip;]<\/p>\n","protected":false},"author":1,"featured_media":0,"parent":0,"menu_order":0,"comment_status":"closed","ping_status":"closed","template":"","meta":{"_et_pb_use_builder":"on","_et_pb_old_content":"","_et_gb_content_width":"","footnotes":""},"class_list":["post-2004","page","type-page","status-publish","hentry"],"_links":{"self":[{"href":"https:\/\/www.location-benne.eu\/fr\/wp-json\/wp\/v2\/pages\/2004","targetHints":{"allow":["GET"]}}],"collection":[{"href":"https:\/\/www.location-benne.eu\/fr\/wp-json\/wp\/v2\/pages"}],"about":[{"href":"https:\/\/www.location-benne.eu\/fr\/wp-json\/wp\/v2\/types\/page"}],"author":[{"embeddable":true,"href":"https:\/\/www.location-benne.eu\/fr\/wp-json\/wp\/v2\/users\/1"}],"replies":[{"embeddable":true,"href":"https:\/\/www.location-benne.eu\/fr\/wp-json\/wp\/v2\/comments?post=2004"}],"version-history":[{"count":9,"href":"https:\/\/www.location-benne.eu\/fr\/wp-json\/wp\/v2\/pages\/2004\/revisions"}],"predecessor-version":[{"id":2078,"href":"https:\/\/www.location-benne.eu\/fr\/wp-json\/wp\/v2\/pages\/2004\/revisions\/2078"}],"wp:attachment":[{"href":"https:\/\/www.location-benne.eu\/fr\/wp-json\/wp\/v2\/media?parent=2004"}],"curies":[{"name":"wp","href":"https:\/\/api.w.org\/{rel}","templated":true}]}}